{"id":26228,"date":"2022-10-04T11:17:56","date_gmt":"2022-10-04T09:17:56","guid":{"rendered":"https:\/\/andaluciaaerospace.com\/?page_id=26228"},"modified":"2024-10-16T10:31:11","modified_gmt":"2024-10-16T08:31:11","slug":"academic-partners","status":"publish","type":"page","link":"https:\/\/andaluciaaerospace.com\/en\/members-of-the-cluster\/academic-partners\/","title":{"rendered":"Academic partners"},"content":{"rendered":"<div class=\"cabecera-con-degradado\"><img decoding=\"async\" class=\"wp-post-image\" src=\"http:\/\/andaluciaaerospace.com\/wp-content\/uploads\/2021\/03\/cabecera-asociado.jpg\" alt=\"Cielo con nubes\" \/><\/div>\n<div class=\"asociado container-fluid pt-5\">\n<div class=\"row\">\n<div class=\"col-xs-12 col-lg-1\"><\/div>\n<div class=\"col-xs-12 col-lg-10\">\n<h1 class=\"pb-2 mb-md-4\">Academic partners<\/h1>\n<div class=\"px-4 px-md-5\">\n<p class=\"texto&quot;\">Universities that facilitate the development of joint projects and activities in the area of \u200b\u200bscientific research and innovation applied to the business world and the development of entrepreneurship in the aerospace sector are considered academic partners.<\/p>\n<div class=\"row colaboradores\" style=\"margin-bottom: 60px;\">\n<div class=\"col-xs-12 col-md-3 mb-0\"><a href=\"https:\/\/www.us.es\/\" target=\"_blank\" rel=\"noopener\"><img decoding=\"async\" class=\" lazyloaded\" src=\"http:\/\/andaluciaaerospace.com\/wp-content\/uploads\/2022\/01\/logo-universidad-de-sevilla.png\" data-src=\"http:\/\/andaluciaaerospace.com\/wp-content\/uploads\/2022\/01\/logo-universidad-de-sevilla.png\" \/><\/a><\/div>\n<div><a href=\"https:\/\/www.uca.es\/\" target=\"_blank\" rel=\"noopener\"><img decoding=\"async\" class=\" lazyloaded\" src=\"https:\/\/andaluciaaerospace.com\/wp-content\/uploads\/2022\/01\/logo-universidad-de-cadiz.jpg\" data-src=\"https:\/\/andaluciaaerospace.com\/wp-content\/uploads\/2022\/01\/logo-universidad-de-cadiz.jpg\" \/><\/a><\/div>\n<div><a href=\"https:\/\/www.uma.es\/\" rel=\"attachment wp-att-28397\"><img decoding=\"async\" class=\"alignnone wp-image-28397\" src=\"https:\/\/andaluciaaerospace.com\/wp-content\/uploads\/2024\/03\/Universidad_de_Malaga-e1711536556446.jpg\" alt=\"\" width=\"494\" height=\"412\" \/><\/a><\/div>\n<div><a href=\"https:\/\/www.upo.es\/portal\/impe\/web\/portada\/index.html\" rel=\"attachment wp-att-28402\"><img decoding=\"async\" class=\"alignnone wp-image-28402\" src=\"https:\/\/andaluciaaerospace.com\/wp-content\/uploads\/2024\/03\/logo-upo-fondo-scaled.jpg\" alt=\"\" width=\"491\" height=\"341\" srcset=\"https:\/\/andaluciaaerospace.com\/wp-content\/uploads\/2024\/03\/logo-upo-fondo-scaled.jpg 1600w, https:\/\/andaluciaaerospace.com\/wp-content\/uploads\/2024\/03\/logo-upo-fondo-300x208.jpg 300w, https:\/\/andaluciaaerospace.com\/wp-content\/uploads\/2024\/03\/logo-upo-fondo-1024x711.jpg 1024w, https:\/\/andaluciaaerospace.com\/wp-content\/uploads\/2024\/03\/logo-upo-fondo-768x534.jpg 768w, https:\/\/andaluciaaerospace.com\/wp-content\/uploads\/2024\/03\/logo-upo-fondo-1536x1067.jpg 1536w, https:\/\/andaluciaaerospace.com\/wp-content\/uploads\/2024\/03\/logo-upo-fondo-986x685.jpg 986w\" sizes=\"(max-width: 491px) 100vw, 491px\" \/><\/a><a href=\"https:\/\/www.uloyola.es\/\" rel=\"attachment wp-att-29235\"><img decoding=\"async\" class=\"alignnone wp-image-29235\" src=\"https:\/\/andaluciaaerospace.com\/wp-content\/uploads\/2024\/10\/UL_LogotipoPrincipal_POS_RGB.png\" alt=\"\" width=\"662\" height=\"324\" srcset=\"https:\/\/andaluciaaerospace.com\/wp-content\/uploads\/2024\/10\/UL_LogotipoPrincipal_POS_RGB.png 1684w, https:\/\/andaluciaaerospace.com\/wp-content\/uploads\/2024\/10\/UL_LogotipoPrincipal_POS_RGB-300x147.png 300w, https:\/\/andaluciaaerospace.com\/wp-content\/uploads\/2024\/10\/UL_LogotipoPrincipal_POS_RGB-1024x501.png 1024w, https:\/\/andaluciaaerospace.com\/wp-content\/uploads\/2024\/10\/UL_LogotipoPrincipal_POS_RGB-768x376.png 768w, https:\/\/andaluciaaerospace.com\/wp-content\/uploads\/2024\/10\/UL_LogotipoPrincipal_POS_RGB-1536x752.png 1536w\" sizes=\"(max-width: 662px) 100vw, 662px\" \/><\/a><\/div>\n<\/div>\n<\/div>\n<\/div>\n<\/div>\n<\/div>\n<div class=\"content_block\" id=\"custom_post_widget-24064\"><div class=\"container-fluid home-unete text-center text-lg-left\">\n<div class=\"row py-5 p-md-5\">\n<div class=\"col-xs-12 col-lg-8 px-4 px-md-5\">\n<h3>Join <strong>our Association<\/strong><\/h3>\n<p class=\"texto\">Our organisation has become a European aerospace and defense cluster with high-sustained growth and international standing due to Andalusian aerospace companies and players.<\/p>\n<p class=\"texto\"><strong>Andaluc\u00eda Aerospace, the Andalusian aerospace business cluster. Learn more!<\/strong><\/p>\n<\/div>\n<div class=\"col-xs-12 col-lg-4 px-5\"><a class=\"btn-secondary mt-4\" href=\"\/en\/members\/how-to-become-a-member\/\">Become a member<\/a><\/div>\n<\/div>\n<\/div>\n<\/div>\n","protected":false},"excerpt":{"rendered":"<p>Academic partners Universities that facilitate the development of joint projects and activities in the area of \u200b\u200bscientific research and innovation applied to the business world and the development of entrepreneurship in the aerospace sector are considered academic partners.<\/p>\n<a class=\"btn btn-primary read-more-button\" href=\"https:\/\/andaluciaaerospace.com\/en\/members-of-the-cluster\/academic-partners\/\">Leer m\u00e1s...<\/a>","protected":false},"author":1,"featured_media":0,"parent":24070,"menu_order":0,"comment_status":"closed","ping_status":"closed","template":"pages-templates\/empty-page.php","meta":{"_acf_changed":false,"_bbp_topic_count":0,"_bbp_reply_count":0,"_bbp_total_topic_count":0,"_bbp_total_reply_count":0,"_bbp_voice_count":0,"_bbp_anonymous_reply_count":0,"_bbp_topic_count_hidden":0,"_bbp_reply_count_hidden":0,"_bbp_forum_subforum_count":0,"footnotes":""},"class_list":["post-26228","page","type-page","status-publish","hentry"],"acf":[],"yoast_head":"<!-- This site is optimized with the Yoast SEO plugin v23.6 - https:\/\/yoast.com\/wordpress\/plugins\/seo\/ -->\n<title>Academic partners - Andaluc\u00eda Aerospace<\/title>\n<meta name=\"description\" content=\"Academic partners .Andaluc\u00eda Aerospace, cl\u00faster empresarial aeroespacial andaluz.\" \/>\n<meta name=\"robots\" content=\"index, follow, max-snippet:-1, max-image-preview:large, max-video-preview:-1\" \/>\n<link rel=\"canonical\" href=\"https:\/\/andaluciaaerospace.com\/en\/members-of-the-cluster\/academic-partners\/\" \/>\n<meta property=\"og:locale\" content=\"en_US\" \/>\n<meta property=\"og:type\" content=\"article\" \/>\n<meta property=\"og:title\" content=\"Academic partners - Andaluc\u00eda Aerospace\" \/>\n<meta property=\"og:description\" content=\"Academic partners .Andaluc\u00eda Aerospace, cl\u00faster empresarial aeroespacial andaluz.\" \/>\n<meta property=\"og:url\" content=\"https:\/\/andaluciaaerospace.com\/en\/members-of-the-cluster\/academic-partners\/\" \/>\n<meta property=\"og:site_name\" content=\"Andaluc\u00eda Aerospace\" \/>\n<meta property=\"article:modified_time\" content=\"2024-10-16T08:31:11+00:00\" \/>\n<meta property=\"og:image\" content=\"http:\/\/andaluciaaerospace.com\/wp-content\/uploads\/2021\/03\/cabecera-asociado.jpg\" \/>\n<meta name=\"twitter:card\" content=\"summary_large_image\" \/>\n<script type=\"application\/ld+json\" class=\"yoast-schema-graph\">{\"@context\":\"https:\/\/schema.org\",\"@graph\":[{\"@type\":[\"WebPage\",\"SearchResultsPage\"],\"@id\":\"https:\/\/andaluciaaerospace.com\/en\/members-of-the-cluster\/academic-partners\/\",\"url\":\"https:\/\/andaluciaaerospace.com\/en\/members-of-the-cluster\/academic-partners\/\",\"name\":\"Academic partners - Andaluc\u00eda Aerospace\",\"isPartOf\":{\"@id\":\"https:\/\/andaluciaaerospace.com\/en\/#website\"},\"primaryImageOfPage\":{\"@id\":\"https:\/\/andaluciaaerospace.com\/en\/members-of-the-cluster\/academic-partners\/#primaryimage\"},\"image\":{\"@id\":\"https:\/\/andaluciaaerospace.com\/en\/members-of-the-cluster\/academic-partners\/#primaryimage\"},\"thumbnailUrl\":\"http:\/\/andaluciaaerospace.com\/wp-content\/uploads\/2021\/03\/cabecera-asociado.jpg\",\"datePublished\":\"2022-10-04T09:17:56+00:00\",\"dateModified\":\"2024-10-16T08:31:11+00:00\",\"description\":\"Academic partners .Andaluc\u00eda Aerospace, cl\u00faster empresarial aeroespacial andaluz.\",\"breadcrumb\":{\"@id\":\"https:\/\/andaluciaaerospace.com\/en\/members-of-the-cluster\/academic-partners\/#breadcrumb\"},\"inLanguage\":\"en-US\",\"potentialAction\":[{\"@type\":\"ReadAction\",\"target\":[\"https:\/\/andaluciaaerospace.com\/en\/members-of-the-cluster\/academic-partners\/\"]}]},{\"@type\":\"ImageObject\",\"inLanguage\":\"en-US\",\"@id\":\"https:\/\/andaluciaaerospace.com\/en\/members-of-the-cluster\/academic-partners\/#primaryimage\",\"url\":\"http:\/\/andaluciaaerospace.com\/wp-content\/uploads\/2021\/03\/cabecera-asociado.jpg\",\"contentUrl\":\"http:\/\/andaluciaaerospace.com\/wp-content\/uploads\/2021\/03\/cabecera-asociado.jpg\"},{\"@type\":\"BreadcrumbList\",\"@id\":\"https:\/\/andaluciaaerospace.com\/en\/members-of-the-cluster\/academic-partners\/#breadcrumb\",\"itemListElement\":[{\"@type\":\"ListItem\",\"position\":1,\"name\":\"Portada\",\"item\":\"https:\/\/andaluciaaerospace.com\/en\/\"},{\"@type\":\"ListItem\",\"position\":2,\"name\":\"Members of the cluster\",\"item\":\"https:\/\/andaluciaaerospace.com\/en\/members-of-the-cluster\/\"},{\"@type\":\"ListItem\",\"position\":3,\"name\":\"Academic partners\"}]},{\"@type\":\"WebSite\",\"@id\":\"https:\/\/andaluciaaerospace.com\/en\/#website\",\"url\":\"https:\/\/andaluciaaerospace.com\/en\/\",\"name\":\"Andaluc\u00eda Aerospace\",\"description\":\"Cluster empresarial aeron\u00e1utico\",\"potentialAction\":[{\"@type\":\"SearchAction\",\"target\":{\"@type\":\"EntryPoint\",\"urlTemplate\":\"https:\/\/andaluciaaerospace.com\/en\/?s={search_term_string}\"},\"query-input\":{\"@type\":\"PropertyValueSpecification\",\"valueRequired\":true,\"valueName\":\"search_term_string\"}}],\"inLanguage\":\"en-US\"}]}<\/script>\n<!-- \/ Yoast SEO plugin. -->","yoast_head_json":{"title":"Academic partners - Andaluc\u00eda Aerospace","description":"Academic partners .Andaluc\u00eda Aerospace, cl\u00faster empresarial aeroespacial andaluz.","robots":{"index":"index","follow":"follow","max-snippet":"max-snippet:-1","max-image-preview":"max-image-preview:large","max-video-preview":"max-video-preview:-1"},"canonical":"https:\/\/andaluciaaerospace.com\/en\/members-of-the-cluster\/academic-partners\/","og_locale":"en_US","og_type":"article","og_title":"Academic partners - Andaluc\u00eda Aerospace","og_description":"Academic partners .Andaluc\u00eda Aerospace, cl\u00faster empresarial aeroespacial andaluz.","og_url":"https:\/\/andaluciaaerospace.com\/en\/members-of-the-cluster\/academic-partners\/","og_site_name":"Andaluc\u00eda Aerospace","article_modified_time":"2024-10-16T08:31:11+00:00","og_image":[{"url":"http:\/\/andaluciaaerospace.com\/wp-content\/uploads\/2021\/03\/cabecera-asociado.jpg"}],"twitter_card":"summary_large_image","schema":{"@context":"https:\/\/schema.org","@graph":[{"@type":["WebPage","SearchResultsPage"],"@id":"https:\/\/andaluciaaerospace.com\/en\/members-of-the-cluster\/academic-partners\/","url":"https:\/\/andaluciaaerospace.com\/en\/members-of-the-cluster\/academic-partners\/","name":"Academic partners - Andaluc\u00eda Aerospace","isPartOf":{"@id":"https:\/\/andaluciaaerospace.com\/en\/#website"},"primaryImageOfPage":{"@id":"https:\/\/andaluciaaerospace.com\/en\/members-of-the-cluster\/academic-partners\/#primaryimage"},"image":{"@id":"https:\/\/andaluciaaerospace.com\/en\/members-of-the-cluster\/academic-partners\/#primaryimage"},"thumbnailUrl":"http:\/\/andaluciaaerospace.com\/wp-content\/uploads\/2021\/03\/cabecera-asociado.jpg","datePublished":"2022-10-04T09:17:56+00:00","dateModified":"2024-10-16T08:31:11+00:00","description":"Academic partners .Andaluc\u00eda Aerospace, cl\u00faster empresarial aeroespacial andaluz.","breadcrumb":{"@id":"https:\/\/andaluciaaerospace.com\/en\/members-of-the-cluster\/academic-partners\/#breadcrumb"},"inLanguage":"en-US","potentialAction":[{"@type":"ReadAction","target":["https:\/\/andaluciaaerospace.com\/en\/members-of-the-cluster\/academic-partners\/"]}]},{"@type":"ImageObject","inLanguage":"en-US","@id":"https:\/\/andaluciaaerospace.com\/en\/members-of-the-cluster\/academic-partners\/#primaryimage","url":"http:\/\/andaluciaaerospace.com\/wp-content\/uploads\/2021\/03\/cabecera-asociado.jpg","contentUrl":"http:\/\/andaluciaaerospace.com\/wp-content\/uploads\/2021\/03\/cabecera-asociado.jpg"},{"@type":"BreadcrumbList","@id":"https:\/\/andaluciaaerospace.com\/en\/members-of-the-cluster\/academic-partners\/#breadcrumb","itemListElement":[{"@type":"ListItem","position":1,"name":"Portada","item":"https:\/\/andaluciaaerospace.com\/en\/"},{"@type":"ListItem","position":2,"name":"Members of the cluster","item":"https:\/\/andaluciaaerospace.com\/en\/members-of-the-cluster\/"},{"@type":"ListItem","position":3,"name":"Academic partners"}]},{"@type":"WebSite","@id":"https:\/\/andaluciaaerospace.com\/en\/#website","url":"https:\/\/andaluciaaerospace.com\/en\/","name":"Andaluc\u00eda Aerospace","description":"Cluster empresarial aeron\u00e1utico","potentialAction":[{"@type":"SearchAction","target":{"@type":"EntryPoint","urlTemplate":"https:\/\/andaluciaaerospace.com\/en\/?s={search_term_string}"},"query-input":{"@type":"PropertyValueSpecification","valueRequired":true,"valueName":"search_term_string"}}],"inLanguage":"en-US"}]}},"_links":{"self":[{"href":"https:\/\/andaluciaaerospace.com\/en\/wp-json\/wp\/v2\/pages\/26228","targetHints":{"allow":["GET"]}}],"collection":[{"href":"https:\/\/andaluciaaerospace.com\/en\/wp-json\/wp\/v2\/pages"}],"about":[{"href":"https:\/\/andaluciaaerospace.com\/en\/wp-json\/wp\/v2\/types\/page"}],"author":[{"embeddable":true,"href":"https:\/\/andaluciaaerospace.com\/en\/wp-json\/wp\/v2\/users\/1"}],"replies":[{"embeddable":true,"href":"https:\/\/andaluciaaerospace.com\/en\/wp-json\/wp\/v2\/comments?post=26228"}],"version-history":[{"count":5,"href":"https:\/\/andaluciaaerospace.com\/en\/wp-json\/wp\/v2\/pages\/26228\/revisions"}],"predecessor-version":[{"id":29241,"href":"https:\/\/andaluciaaerospace.com\/en\/wp-json\/wp\/v2\/pages\/26228\/revisions\/29241"}],"up":[{"embeddable":true,"href":"https:\/\/andaluciaaerospace.com\/en\/wp-json\/wp\/v2\/pages\/24070"}],"wp:attachment":[{"href":"https:\/\/andaluciaaerospace.com\/en\/wp-json\/wp\/v2\/media?parent=26228"}],"curies":[{"name":"wp","href":"https:\/\/api.w.org\/{rel}","templated":true}]}}