{"id":24814,"date":"2021-03-04T17:23:11","date_gmt":"2021-03-04T16:23:11","guid":{"rendered":"https:\/\/andaluciaaerospace.com\/el-cluster\/"},"modified":"2026-04-21T12:27:29","modified_gmt":"2026-04-21T10:27:29","slug":"the-cluster","status":"publish","type":"page","link":"https:\/\/andaluciaaerospace.com\/en\/the-cluster\/","title":{"rendered":"The Cluster"},"content":{"rendered":"<div class=\"cabecera-con-degradado\"><img decoding=\"async\" class=\"wp-post-image\" src=\"http:\/\/andaluciaaerospace.com\/wp-content\/uploads\/2021\/04\/cabecera-cluster.jpg\" alt=\"Avi\u00f3n volando en puesta de sol\" \/><\/div>\n<div class=\"asociado container-fluid pt-5 mb-5\">\n<div class=\"row\">\n<div class=\"col-xs-12 col-md-1\"><\/div>\n<div class=\"col-xs-12 col-md-10\">\n<h1 class=\"pb-2 mb-4\">The Cluster<\/h1>\n<div class=\"row px-5\">\n<div class=\"col-xs-12 col-lg-4 pr-5\">\n<p class=\"texto-destacado\"><strong>Andaluc\u00eda Aerospace<\/strong> is a private association whose purpose is to represent the aerospace and defense business sector in Andalusia.<\/p>\n<\/div>\n<div class=\"col-xs-12 col-lg-8\">\n<p class=\"texto\"><strong>Our primary mission<\/strong> is to <strong>strengthen the position of our member companies in the aerospace industrial sector at the national and international market<\/strong>. To this end, we work on actions and projects that help to increase competitiveness across the Andalusian aerospace sector.<\/p>\n<p class=\"texto\">The key goals of our roadmap and the activities in which we engage to promote the growth of Andalusian aerospace companies are outlined below:<\/p>\n<\/div>\n<\/div>\n<\/div>\n<div class=\"col-xs-12 col-md-1\"><\/div>\n<\/div>\n<\/div>\n<div class=\"container-fluid fondo-gris\">\n<div class=\"row\">\n<div class=\"col-xs-12 col-lg-6 wow slideInLeft p-0 img-cover\"><img decoding=\"async\" class=\"alignnone size-full wp-image-23519 mt-5 \" src=\"http:\/\/andaluciaaerospace.com\/wp-content\/uploads\/2021\/04\/00001.jpg\" alt=\"vuelo\" width=\"1600\" height=\"1168\" srcset=\"https:\/\/andaluciaaerospace.com\/wp-content\/uploads\/2021\/04\/00001.jpg 1600w, https:\/\/andaluciaaerospace.com\/wp-content\/uploads\/2021\/04\/00001-300x219.jpg 300w, https:\/\/andaluciaaerospace.com\/wp-content\/uploads\/2021\/04\/00001-1024x748.jpg 1024w, https:\/\/andaluciaaerospace.com\/wp-content\/uploads\/2021\/04\/00001-768x561.jpg 768w, https:\/\/andaluciaaerospace.com\/wp-content\/uploads\/2021\/04\/00001-1536x1121.jpg 1536w, https:\/\/andaluciaaerospace.com\/wp-content\/uploads\/2021\/04\/00001-938x685.jpg 938w\" sizes=\"(max-width: 1600px) 100vw, 1600px\" \/><\/div>\n<div class=\"col-xs-12 col-lg-6 p-5\">\n<h2 class=\"titulo-destacado pr-md-5\"><strong> Purposes <\/strong><\/h2>\n<ul class=\"lista-aerospace pr-md-5\">\n<li>To promote a sustainable scientific and technological development of the Andalusian aerospace and defense industrial sector, pushing for the Administration to prepare industrialisation plans that contribute to increased competitiveness of partner companies.<\/li>\n<li>To contribute actively to the training and education of professionals in the sector, including promoting expert training of professionals at all company levels.<\/li>\n<li>To promote business excellence through synergies between partner companies and implementation of high value-added activities.<\/li>\n<li>To encourage and facilitate interactions between member companies in the aerospace industry, combining their interests and advocating for public institutions and regional and devolved government bodies to take them on board.<\/li>\n<li>To act as institutional representation vis-a-vis public institutions and organisations at all territorial levels, including nationally and internationally.<\/li>\n<\/ul>\n<\/div>\n<div class=\"col-xs-12 col-md-1\"><\/div>\n<\/div>\n<\/div>\n<div class=\"container-fluid\">\n<div class=\"row\">\n<div class=\"col-s-12 col-lg-7 p-5\">\n<h3 class=\"titulo-semidestacado\"><strong>Management Board<\/strong><\/h3>\n<table width=\"100%\">\n<thead>\n<tr>\n<th align=\"left\">Position<\/th>\n<th align=\"left\">Holder<\/th>\n<th align=\"left\">Representative<\/th>\n<\/tr>\n<\/thead>\n<tbody>\n<tr>\n<td align=\"left\">President<\/td>\n<td align=\"left\">Canagrosa<\/td>\n<td align=\"left\">Fernando Alarc\u00f3n de la Lastra Halc\u00f3n<\/td>\n<\/tr>\n<tr>\n<td align=\"left\">Vice-President<\/td>\n<td align=\"left\">Grupo Sevilla Control (GSC)<\/td>\n<td align=\"left\">Juan Manuel Monta\u00f1o Bellido<\/td>\n<\/tr>\n<tr>\n<td align=\"left\">Treasurer<\/td>\n<td align=\"left\">AERTEC Solutions<\/td>\n<td align=\"left\">Antonio J. Zafra Ib\u00e1\u00f1ez<\/td>\n<\/tr>\n<tr>\n<td align=\"left\">Secretary<\/td>\n<td align=\"left\">Rhenus LTK Warehousing Solutions<\/td>\n<td align=\"left\">Jos\u00e9 Avil\u00e9s Mu\u00f1oz<\/td>\n<\/tr>\n<tr>\n<td align=\"left\">Board Member<\/td>\n<td align=\"left\">Airgrup<\/td>\n<td align=\"left\">Juan Gonz\u00e1lez-Blanch Fern\u00e1ndez<\/td>\n<\/tr>\n<tr>\n<td align=\"left\">Specialist SMEs Board Member<\/td>\n<td align=\"left\">Grabysur<\/td>\n<td align=\"left\">Paz Guti\u00e9rrez Lorca<\/td>\n<\/tr>\n<tr>\n<td align=\"left\">C\u00e1diz companies Board Member<\/td>\n<td align=\"left\">Titania<\/td>\n<td align=\"left\">Fernando Serrano Collantes<\/td>\n<\/tr>\n<tr>\n<td align=\"left\">Aerostructures Board Member<\/td>\n<td align=\"left\">Aciturri<\/td>\n<td align=\"left\">Manuel Gonz\u00e1lez Rela\u00f1o<\/td>\n<\/tr>\n<tr>\n<td align=\"left\">International Relations Board Member<\/td>\n<td align=\"left\">Satys<\/td>\n<td align=\"left\">Antonio Mena P\u00e9rez<\/td>\n<\/tr>\n<tr>\n<td align=\"left\">Tech Centres Board Member<\/td>\n<td align=\"left\">CATEC<\/td>\n<td align=\"left\">Joaqu\u00edn Grau Rodr\u00edguez<\/td>\n<\/tr>\n<tr>\n<td align=\"left\">IA &amp; Digitization Board Member<\/td>\n<td align=\"left\">Atexis<\/td>\n<td align=\"left\">Jes\u00fas Estepa Bracho<\/td>\n<\/tr>\n<tr>\n<td align=\"left\">Space &amp; UAS Board Member<\/td>\n<td align=\"left\">Alter Technology T\u00dcV Nord<\/td>\n<td align=\"left\">David N\u00fa\u00f1ez Teruel<\/td>\n<\/tr>\n<\/tbody>\n<\/table>\n<div class=\"col-s-12 col-lg-5 borde-izquierdo p-5\">\n<h3 class=\"titulo-semidestacado\"><strong style=\"font-size: 16px;\">Team<\/strong><\/h3>\n<div class=\"item-equipo row mb-3\">\n<div class=\"col-12 col-sm-8 col-lg-8 col-xl-6\"><img decoding=\"async\" class=\"rounded alignnone wp-image-27478 size-full\" style=\"font-size: 16px;\" src=\"https:\/\/andaluciaaerospace.com\/wp-content\/uploads\/2023\/10\/Juan-Roman-1-scaled-e1696933250996.jpg\" \/><\/div>\n<div class=\"col-12 col-sm-8 col-lg-8 col-xl-6\">\n<p class=\"texto-semidestacado mb-0\">Juan Rom\u00e1n<\/p>\n<p class=\"texto mb-0\">Managing Director<\/p>\n<p><a class=\"mb-4 d-block\" href=\"mailto:jroman@andaluciaaerospace.com\"><i class=\"fa fa-envelope\" aria-hidden=\"true\"><\/i> jroman@andaluciaaerospace.com<\/a><\/p>\n<\/div>\n<\/div>\n<div class=\"item-equipo row mb-3\">\n<div class=\"col-12 col-sm-4 col-lg-4 col-xl-6\"><img decoding=\"async\" class=\"rounded alignnone wp-image-27480 size-full\" src=\"https:\/\/andaluciaaerospace.com\/wp-content\/uploads\/2023\/10\/Leticia-scaled-e1696933406757.jpg\" alt=\"\" width=\"1600\" height=\"1066\" \/><\/div>\n<div class=\"col-12 col-sm-8 col-lg-8 col-xl-6\">\n<p class=\"texto-semidestacado mb-0\">Leticia Chaichio<\/p>\n<p class=\"texto mb-0\">Administration and Finance<\/p>\n<p><a class=\"mb-4 d-block\" href=\"mailto:lchaichio@andaluciaaerospace.com\"><i class=\"fa fa-envelope\" aria-hidden=\"true\"><\/i> lchaichio@andaluciaaerospace.com<\/a><\/p>\n<\/div>\n<\/div>\n<div class=\"item-equipo row mb-3\">\n<div class=\"col-12 col-sm-4 col-lg-4 col-xl-6\"><img decoding=\"async\" class=\"rounded alignnone wp-image-27482 size-full\" src=\"https:\/\/andaluciaaerospace.com\/wp-content\/uploads\/2023\/10\/Melanie-scaled-e1696933490148.jpg\" alt=\"\" width=\"1600\" height=\"1066\" \/><\/div>\n<div class=\"col-12 col-sm-8 col-lg-8 col-xl-6\">\n<p class=\"texto-semidestacado mb-0\">Melanie Durth<\/p>\n<p class=\"texto mb-0\">Business Development and Innovation Manager<\/p>\n<p><a class=\"mb-4 d-block\" href=\"mailto:mdurth@andaluciaaerospace.com\"> mdurth@andaluciaaerospace.com<\/a><\/p>\n<\/div>\n<\/div>\n<div class=\"item-equipo row mb-3\">\n<div class=\"col-12 col-sm-4 col-lg-4 col-xl-6\"><img decoding=\"async\" class=\"rounded alignnone wp-image-28502 size-full\" src=\"http:\/\/andaluciaaerospace.com\/wp-content\/uploads\/2025\/11\/WhatsApp-Image-2025-11-13-at-12.29.39-scaled.jpeg\" alt=\"\" width=\"1199\" height=\"1115\" \/><\/div>\n<div class=\"col-12 col-sm-8 col-lg-8 col-xl-6\">\n<p class=\"texto-semidestacado mb-0\">Jos\u00e9 Manuel Lorca<\/p>\n<p class=\"texto mb-0\">R&amp;D Technician<\/p>\n<p><a class=\"mb-4 d-block\" href=\"mailto:jmlorca@andaluciaaerospace.com\"><i class=\"fa fa-envelope\" aria-hidden=\"true\"><\/i> jmlorca@andaluciaaerospace.com<\/a><\/p>\n<\/div>\n<\/div>\n<div class=\"item-equipo row mb-3\">\n<div class=\"col-12 col-sm-4 col-lg-4 col-xl-6\"><img decoding=\"async\" class=\"rounded alignnone wp-image-28502 size-full\" src=\"https:\/\/andaluciaaerospace.com\/wp-content\/uploads\/2024\/04\/Foto-Celia-AAerospace-scaled-e1714386988354.jpg\" alt=\"\" width=\"1199\" height=\"1115\" srcset=\"https:\/\/andaluciaaerospace.com\/wp-content\/uploads\/2024\/04\/Foto-Celia-AAerospace-scaled-e1714386988354.jpg 1199w, https:\/\/andaluciaaerospace.com\/wp-content\/uploads\/2024\/04\/Foto-Celia-AAerospace-scaled-e1714386988354-300x279.jpg 300w, https:\/\/andaluciaaerospace.com\/wp-content\/uploads\/2024\/04\/Foto-Celia-AAerospace-scaled-e1714386988354-1024x952.jpg 1024w, https:\/\/andaluciaaerospace.com\/wp-content\/uploads\/2024\/04\/Foto-Celia-AAerospace-scaled-e1714386988354-768x714.jpg 768w, https:\/\/andaluciaaerospace.com\/wp-content\/uploads\/2024\/04\/Foto-Celia-AAerospace-scaled-e1714386988354-737x685.jpg 737w\" sizes=\"(max-width: 1199px) 100vw, 1199px\" \/><\/div>\n<div class=\"col-12 col-sm-8 col-lg-8 col-xl-6\">\n<p class=\"texto-semidestacado mb-0\">Celia Ruiz<\/p>\n<p class=\"texto mb-0\">Communication and Operations<\/p>\n<p><a class=\"mb-4 d-block\" href=\"mailto:cruiz@andaluciaaerospace.com\"><i class=\"fa fa-envelope\" aria-hidden=\"true\"><\/i> cruiz@andaluciaaerospace.com<\/a><\/p>\n<\/div>\n<\/div>\n<\/div>\n<\/div>\n<\/div>\n<div class=\"container-fluid fondo-gris\">\n<div class=\"row\">\n<div class=\"col-xs-12 col-md-8 p-5\">\n<h2 class=\"titulo-destacado pl-md-5\"><strong>Activities to promote<\/strong> the competitiveness of our aerospace and defense companies<\/h2>\n<ul class=\"lista-aerospace dos-columnas pl-md-5\">\n<li>To establish partnership frameworks and agreements with public and private institutions to further progress towards the Association&#8217;s aims and better represent and manage the partners&#8217; shared interests.<\/li>\n<li>To encourage meetings and partnerships with professionals, associations or other sectoral organisations, and establish, maintain and facilitate contacts and partnerships with national and international bodies having similar nature and purpose.<\/li>\n<li>To organise and promote conferences, meetings or congresses to enhance collaboration on matters of interest to the sector.<\/li>\n<li>To conduct or commission sectoral studies to analyse its evolution and trends, identify new opportunities, replicate \u201cbest practices\u201d from other sectors and empower the aerospace sector.<\/li>\n<li>To encourage the establishment of committees or ad hoc working groups focusing on issues of common interest to aerospace industry-related companies.<\/li>\n<li>To administer and provide own resources, whether budgetary or equity, and use them for the purposes and activities of the Association.<\/li>\n<li>To develop economic activities, including providing services, reinvesting the profits exclusively to attain and advance its purposes.<\/li>\n<li>To act as the single interlocutor for the common interests of Andalusian aerospace companies vis-a-vis the regional organisation that represents different players.<\/li>\n<li>To undertake similar functions necessary or advisable for attaining its purposes, directly or indirectly, through share ownership or equity interests in other companies, associations or foundations of similar or identical purposes.<\/li>\n<\/ul>\n<\/div>\n<div class=\"col-xs-12 col-md-4 wow slideInRight p-0 img-cover\"><img decoding=\"async\" class=\" alignnone size-full wp-image-23520\" src=\"http:\/\/andaluciaaerospace.com\/wp-content\/uploads\/2021\/04\/00002.jpg\" alt=\"dron volando\" width=\"1218\" height=\"1600\" srcset=\"https:\/\/andaluciaaerospace.com\/wp-content\/uploads\/2021\/04\/00002.jpg 1218w, https:\/\/andaluciaaerospace.com\/wp-content\/uploads\/2021\/04\/00002-228x300.jpg 228w, https:\/\/andaluciaaerospace.com\/wp-content\/uploads\/2021\/04\/00002-780x1024.jpg 780w, https:\/\/andaluciaaerospace.com\/wp-content\/uploads\/2021\/04\/00002-768x1009.jpg 768w, https:\/\/andaluciaaerospace.com\/wp-content\/uploads\/2021\/04\/00002-1169x1536.jpg 1169w, https:\/\/andaluciaaerospace.com\/wp-content\/uploads\/2021\/04\/00002-521x685.jpg 521w\" sizes=\"(max-width: 1218px) 100vw, 1218px\" \/><\/div>\n<div class=\"col-xs-12 col-md-1\"><\/div>\n<\/div>\n<\/div>\n<div class=\"content_block\" id=\"custom_post_widget-24064\"><div class=\"container-fluid home-unete text-center text-lg-left\">\n<div class=\"row py-5 p-md-5\">\n<div class=\"col-xs-12 col-lg-8 px-4 px-md-5\">\n<h3>Join <strong>our Association<\/strong><\/h3>\n<p class=\"texto\">Our organisation has become a European aerospace and defense cluster with high-sustained growth and international standing due to Andalusian aerospace companies and players.<\/p>\n<p class=\"texto\"><strong>Andaluc\u00eda Aerospace, the Andalusian aerospace business cluster. Learn more!<\/strong><\/p>\n<\/div>\n<div class=\"col-xs-12 col-lg-4 px-5\"><a class=\"btn-secondary mt-4\" href=\"\/en\/members\/how-to-become-a-member\/\">Become a member<\/a><\/div>\n<\/div>\n<\/div>\n<\/div>\n<\/div>\n","protected":false},"excerpt":{"rendered":"<p>The Cluster Andaluc\u00eda Aerospace is a private association whose purpose is to represent the aerospace and defense business sector in Andalusia. Our primary mission is to strengthen the position of our member companies in the aerospace industrial sector at the national and international market. To this end, we work on actions and projects that help<\/p>\n<a class=\"btn btn-primary read-more-button\" href=\"https:\/\/andaluciaaerospace.com\/en\/the-cluster\/\">Leer m\u00e1s...<\/a>","protected":false},"author":1,"featured_media":0,"parent":0,"menu_order":0,"comment_status":"closed","ping_status":"closed","template":"pages-templates\/empty-page.php","meta":{"_acf_changed":false,"_bbp_topic_count":0,"_bbp_reply_count":0,"_bbp_total_topic_count":0,"_bbp_total_reply_count":0,"_bbp_voice_count":0,"_bbp_anonymous_reply_count":0,"_bbp_topic_count_hidden":0,"_bbp_reply_count_hidden":0,"_bbp_forum_subforum_count":0,"footnotes":""},"class_list":["post-24814","page","type-page","status-publish","hentry"],"acf":[],"yoast_head":"<!-- This site is optimized with the Yoast SEO plugin v23.6 - https:\/\/yoast.com\/wordpress\/plugins\/seo\/ -->\n<title>The Cluster - Andaluc\u00eda Aerospace<\/title>\n<meta name=\"description\" content=\"The Cluster .Andaluc\u00eda Aerospace, cl\u00faster empresarial aeroespacial y de defensa andaluz.\" \/>\n<meta name=\"robots\" content=\"index, follow, max-snippet:-1, max-image-preview:large, max-video-preview:-1\" \/>\n<link rel=\"canonical\" href=\"https:\/\/andaluciaaerospace.com\/en\/the-cluster\/\" \/>\n<meta property=\"og:locale\" content=\"en_US\" \/>\n<meta property=\"og:type\" content=\"article\" \/>\n<meta property=\"og:title\" content=\"The Cluster - Andaluc\u00eda Aerospace\" \/>\n<meta property=\"og:description\" content=\"The Cluster .Andaluc\u00eda Aerospace, cl\u00faster empresarial aeroespacial y de defensa andaluz.\" \/>\n<meta property=\"og:url\" content=\"https:\/\/andaluciaaerospace.com\/en\/the-cluster\/\" \/>\n<meta property=\"og:site_name\" content=\"Andaluc\u00eda Aerospace\" \/>\n<meta property=\"article:modified_time\" content=\"2026-04-21T10:27:29+00:00\" \/>\n<meta property=\"og:image\" content=\"http:\/\/andaluciaaerospace.com\/wp-content\/uploads\/2021\/04\/cabecera-cluster.jpg\" \/>\n<meta name=\"twitter:card\" content=\"summary_large_image\" \/>\n<meta name=\"twitter:label1\" content=\"Est. reading time\" \/>\n\t<meta name=\"twitter:data1\" content=\"3 minutes\" \/>\n<script type=\"application\/ld+json\" class=\"yoast-schema-graph\">{\"@context\":\"https:\/\/schema.org\",\"@graph\":[{\"@type\":[\"WebPage\",\"SearchResultsPage\"],\"@id\":\"https:\/\/andaluciaaerospace.com\/en\/the-cluster\/\",\"url\":\"https:\/\/andaluciaaerospace.com\/en\/the-cluster\/\",\"name\":\"The Cluster - Andaluc\u00eda Aerospace\",\"isPartOf\":{\"@id\":\"https:\/\/andaluciaaerospace.com\/en\/#website\"},\"primaryImageOfPage\":{\"@id\":\"https:\/\/andaluciaaerospace.com\/en\/the-cluster\/#primaryimage\"},\"image\":{\"@id\":\"https:\/\/andaluciaaerospace.com\/en\/the-cluster\/#primaryimage\"},\"thumbnailUrl\":\"http:\/\/andaluciaaerospace.com\/wp-content\/uploads\/2021\/04\/cabecera-cluster.jpg\",\"datePublished\":\"2021-03-04T16:23:11+00:00\",\"dateModified\":\"2026-04-21T10:27:29+00:00\",\"description\":\"The Cluster .Andaluc\u00eda Aerospace, cl\u00faster empresarial aeroespacial y de defensa andaluz.\",\"breadcrumb\":{\"@id\":\"https:\/\/andaluciaaerospace.com\/en\/the-cluster\/#breadcrumb\"},\"inLanguage\":\"en-US\",\"potentialAction\":[{\"@type\":\"ReadAction\",\"target\":[\"https:\/\/andaluciaaerospace.com\/en\/the-cluster\/\"]}]},{\"@type\":\"ImageObject\",\"inLanguage\":\"en-US\",\"@id\":\"https:\/\/andaluciaaerospace.com\/en\/the-cluster\/#primaryimage\",\"url\":\"http:\/\/andaluciaaerospace.com\/wp-content\/uploads\/2021\/04\/cabecera-cluster.jpg\",\"contentUrl\":\"http:\/\/andaluciaaerospace.com\/wp-content\/uploads\/2021\/04\/cabecera-cluster.jpg\"},{\"@type\":\"BreadcrumbList\",\"@id\":\"https:\/\/andaluciaaerospace.com\/en\/the-cluster\/#breadcrumb\",\"itemListElement\":[{\"@type\":\"ListItem\",\"position\":1,\"name\":\"Portada\",\"item\":\"https:\/\/andaluciaaerospace.com\/en\/\"},{\"@type\":\"ListItem\",\"position\":2,\"name\":\"The Cluster\"}]},{\"@type\":\"WebSite\",\"@id\":\"https:\/\/andaluciaaerospace.com\/en\/#website\",\"url\":\"https:\/\/andaluciaaerospace.com\/en\/\",\"name\":\"Andaluc\u00eda Aerospace\",\"description\":\"Cluster empresarial aeron\u00e1utico\",\"potentialAction\":[{\"@type\":\"SearchAction\",\"target\":{\"@type\":\"EntryPoint\",\"urlTemplate\":\"https:\/\/andaluciaaerospace.com\/en\/?s={search_term_string}\"},\"query-input\":{\"@type\":\"PropertyValueSpecification\",\"valueRequired\":true,\"valueName\":\"search_term_string\"}}],\"inLanguage\":\"en-US\"}]}<\/script>\n<!-- \/ Yoast SEO plugin. -->","yoast_head_json":{"title":"The Cluster - Andaluc\u00eda Aerospace","description":"The Cluster .Andaluc\u00eda Aerospace, cl\u00faster empresarial aeroespacial y de defensa andaluz.","robots":{"index":"index","follow":"follow","max-snippet":"max-snippet:-1","max-image-preview":"max-image-preview:large","max-video-preview":"max-video-preview:-1"},"canonical":"https:\/\/andaluciaaerospace.com\/en\/the-cluster\/","og_locale":"en_US","og_type":"article","og_title":"The Cluster - Andaluc\u00eda Aerospace","og_description":"The Cluster .Andaluc\u00eda Aerospace, cl\u00faster empresarial aeroespacial y de defensa andaluz.","og_url":"https:\/\/andaluciaaerospace.com\/en\/the-cluster\/","og_site_name":"Andaluc\u00eda Aerospace","article_modified_time":"2026-04-21T10:27:29+00:00","og_image":[{"url":"http:\/\/andaluciaaerospace.com\/wp-content\/uploads\/2021\/04\/cabecera-cluster.jpg"}],"twitter_card":"summary_large_image","twitter_misc":{"Est. reading time":"3 minutes"},"schema":{"@context":"https:\/\/schema.org","@graph":[{"@type":["WebPage","SearchResultsPage"],"@id":"https:\/\/andaluciaaerospace.com\/en\/the-cluster\/","url":"https:\/\/andaluciaaerospace.com\/en\/the-cluster\/","name":"The Cluster - Andaluc\u00eda Aerospace","isPartOf":{"@id":"https:\/\/andaluciaaerospace.com\/en\/#website"},"primaryImageOfPage":{"@id":"https:\/\/andaluciaaerospace.com\/en\/the-cluster\/#primaryimage"},"image":{"@id":"https:\/\/andaluciaaerospace.com\/en\/the-cluster\/#primaryimage"},"thumbnailUrl":"http:\/\/andaluciaaerospace.com\/wp-content\/uploads\/2021\/04\/cabecera-cluster.jpg","datePublished":"2021-03-04T16:23:11+00:00","dateModified":"2026-04-21T10:27:29+00:00","description":"The Cluster .Andaluc\u00eda Aerospace, cl\u00faster empresarial aeroespacial y de defensa andaluz.","breadcrumb":{"@id":"https:\/\/andaluciaaerospace.com\/en\/the-cluster\/#breadcrumb"},"inLanguage":"en-US","potentialAction":[{"@type":"ReadAction","target":["https:\/\/andaluciaaerospace.com\/en\/the-cluster\/"]}]},{"@type":"ImageObject","inLanguage":"en-US","@id":"https:\/\/andaluciaaerospace.com\/en\/the-cluster\/#primaryimage","url":"http:\/\/andaluciaaerospace.com\/wp-content\/uploads\/2021\/04\/cabecera-cluster.jpg","contentUrl":"http:\/\/andaluciaaerospace.com\/wp-content\/uploads\/2021\/04\/cabecera-cluster.jpg"},{"@type":"BreadcrumbList","@id":"https:\/\/andaluciaaerospace.com\/en\/the-cluster\/#breadcrumb","itemListElement":[{"@type":"ListItem","position":1,"name":"Portada","item":"https:\/\/andaluciaaerospace.com\/en\/"},{"@type":"ListItem","position":2,"name":"The Cluster"}]},{"@type":"WebSite","@id":"https:\/\/andaluciaaerospace.com\/en\/#website","url":"https:\/\/andaluciaaerospace.com\/en\/","name":"Andaluc\u00eda Aerospace","description":"Cluster empresarial aeron\u00e1utico","potentialAction":[{"@type":"SearchAction","target":{"@type":"EntryPoint","urlTemplate":"https:\/\/andaluciaaerospace.com\/en\/?s={search_term_string}"},"query-input":{"@type":"PropertyValueSpecification","valueRequired":true,"valueName":"search_term_string"}}],"inLanguage":"en-US"}]}},"_links":{"self":[{"href":"https:\/\/andaluciaaerospace.com\/en\/wp-json\/wp\/v2\/pages\/24814","targetHints":{"allow":["GET"]}}],"collection":[{"href":"https:\/\/andaluciaaerospace.com\/en\/wp-json\/wp\/v2\/pages"}],"about":[{"href":"https:\/\/andaluciaaerospace.com\/en\/wp-json\/wp\/v2\/types\/page"}],"author":[{"embeddable":true,"href":"https:\/\/andaluciaaerospace.com\/en\/wp-json\/wp\/v2\/users\/1"}],"replies":[{"embeddable":true,"href":"https:\/\/andaluciaaerospace.com\/en\/wp-json\/wp\/v2\/comments?post=24814"}],"version-history":[{"count":12,"href":"https:\/\/andaluciaaerospace.com\/en\/wp-json\/wp\/v2\/pages\/24814\/revisions"}],"predecessor-version":[{"id":33477,"href":"https:\/\/andaluciaaerospace.com\/en\/wp-json\/wp\/v2\/pages\/24814\/revisions\/33477"}],"wp:attachment":[{"href":"https:\/\/andaluciaaerospace.com\/en\/wp-json\/wp\/v2\/media?parent=24814"}],"curies":[{"name":"wp","href":"https:\/\/api.w.org\/{rel}","templated":true}]}}