{"id":24094,"date":"2021-03-04T17:23:34","date_gmt":"2021-03-04T16:23:34","guid":{"rendered":"https:\/\/andaluciaaerospace.com\/proyectos\/"},"modified":"2021-06-25T10:21:07","modified_gmt":"2021-06-25T08:21:07","slug":"projects","status":"publish","type":"page","link":"https:\/\/andaluciaaerospace.com\/en\/projects\/","title":{"rendered":"Projects"},"content":{"rendered":"<div class=\"cabecera-con-degradado\"><img decoding=\"async\" class=\"wp-post-image\" src=\"http:\/\/andaluciaaerospace.com\/wp-content\/uploads\/2021\/05\/cabecera-eventos.jpg\" alt=\"Cabecera proyectos\" \/>\n<\/div>\n<div class=\"asociado container-fluid pt-5 mb-5\">\n<div class=\"row\">\n<div class=\"col-xs-12 col-md-1\"><\/div>\n<div class=\"col-xs-12 col-md-10\">\n<h1 class=\"pb-2 mb-4\">Projects<\/h1>\n<div class=\"px-5\"><style>.wp-show-posts-columns#wpsp-731 {margin-left: -2em; }.wp-show-posts-columns#wpsp-731 .wp-show-posts-inner {margin: 0 0 2em 2em; }<\/style><section id=\"wpsp-731\" class=\" wp-show-posts-columns wp-show-posts\" style=\"\"><article class=\" wp-show-posts-single post-24285 proyecto type-proyecto status-publish has-post-thumbnail hentry wpsp-col-3\" itemtype=\"http:\/\/schema.org\/CreativeWork\" itemscope><div class=\"wp-show-posts-inner\" style=\"\">\t\t<div class=\"wp-show-posts-image  wpsp-image-center \">\n\t\t\t<a href=\"https:\/\/andaluciaaerospace.com\/en\/project\/aeris\/\"  title=\"AERIS\"><img decoding=\"async\" width=\"500\" height=\"500\" src=\"https:\/\/andaluciaaerospace.com\/wp-content\/uploads\/2021\/04\/Diseno-sin-titulo-1-e1710851910533.png\" class=\"attachment-full size-full wp-post-image\" alt=\"\" itemprop=\"image\" \/><\/a>\t\t<\/div>\n\t\t<\/div><!-- wp-show-posts-inner --><\/article><article class=\" wp-show-posts-single post-26605 proyecto type-proyecto status-publish has-post-thumbnail hentry wpsp-col-3\" itemtype=\"http:\/\/schema.org\/CreativeWork\" itemscope><div class=\"wp-show-posts-inner\" style=\"\">\t\t<div class=\"wp-show-posts-image  wpsp-image-center \">\n\t\t\t<a href=\"https:\/\/andaluciaaerospace.com\/en\/project\/aeris-2\/\"  title=\"AERIS+\"><img decoding=\"async\" width=\"500\" height=\"500\" src=\"https:\/\/andaluciaaerospace.com\/wp-content\/uploads\/2022\/11\/Diseno-sin-titulo-e1710851948398.png\" class=\"attachment-full size-full wp-post-image\" alt=\"\" itemprop=\"image\" \/><\/a>\t\t<\/div>\n\t\t<\/div><!-- wp-show-posts-inner --><\/article><article class=\" wp-show-posts-single post-32275 proyecto type-proyecto status-publish has-post-thumbnail hentry wpsp-col-3\" itemtype=\"http:\/\/schema.org\/CreativeWork\" itemscope><div class=\"wp-show-posts-inner\" style=\"\">\t\t<div class=\"wp-show-posts-image  wpsp-image-center \">\n\t\t\t<a href=\"https:\/\/andaluciaaerospace.com\/en\/project\/agrospace\/\"  title=\"AgroSpace\"><img decoding=\"async\" width=\"300\" height=\"103\" src=\"https:\/\/andaluciaaerospace.com\/wp-content\/uploads\/2025\/11\/Logo-AgroSpace_Sudoe_Debajo_RGB-01-300x103-1.png\" class=\"attachment-full size-full wp-post-image\" alt=\"\" itemprop=\"image\" \/><\/a>\t\t<\/div>\n\t\t<\/div><!-- wp-show-posts-inner --><\/article><article class=\" wp-show-posts-single post-26599 proyecto type-proyecto status-publish has-post-thumbnail hentry wpsp-col-3\" itemtype=\"http:\/\/schema.org\/CreativeWork\" itemscope><div class=\"wp-show-posts-inner\" style=\"\">\t\t<div class=\"wp-show-posts-image  wpsp-image-center \">\n\t\t\t<a href=\"https:\/\/andaluciaaerospace.com\/en\/project\/analisis\/\"  title=\"AN\u00c1LISIS\"><img decoding=\"async\" width=\"500\" height=\"500\" src=\"https:\/\/andaluciaaerospace.com\/wp-content\/uploads\/2023\/11\/Diseno-sin-titulo-3-e1710851179576.png\" class=\"attachment-full size-full wp-post-image\" alt=\"\" itemprop=\"image\" \/><\/a>\t\t<\/div>\n\t\t<\/div><!-- wp-show-posts-inner --><\/article><article class=\" wp-show-posts-single post-27881 proyecto type-proyecto status-publish has-post-thumbnail hentry wpsp-col-3\" itemtype=\"http:\/\/schema.org\/CreativeWork\" itemscope><div class=\"wp-show-posts-inner\" style=\"\">\t\t<div class=\"wp-show-posts-image  wpsp-image-center \">\n\t\t\t<a href=\"https:\/\/andaluciaaerospace.com\/en\/project\/analisis-fase-ii\/\"  title=\"ANALISIS Fase II\"><img decoding=\"async\" width=\"500\" height=\"500\" src=\"https:\/\/andaluciaaerospace.com\/wp-content\/uploads\/2023\/11\/Diseno-sin-titulo-2-e1710851380353.png\" class=\"attachment-full size-full wp-post-image\" alt=\"\" itemprop=\"image\" \/><\/a>\t\t<\/div>\n\t\t<\/div><!-- wp-show-posts-inner --><\/article><article class=\" wp-show-posts-single post-24286 proyecto type-proyecto status-publish has-post-thumbnail hentry wpsp-col-3\" itemtype=\"http:\/\/schema.org\/CreativeWork\" itemscope><div class=\"wp-show-posts-inner\" style=\"\">\t\t<div class=\"wp-show-posts-image  wpsp-image-center \">\n\t\t\t<a href=\"https:\/\/andaluciaaerospace.com\/en\/project\/assets\/\"  title=\"ASSETs+\"><img decoding=\"async\" width=\"400\" height=\"234\" src=\"https:\/\/andaluciaaerospace.com\/wp-content\/uploads\/2021\/04\/ASSETs-400x70-1.png\" class=\"attachment-full size-full wp-post-image\" alt=\"\" itemprop=\"image\" srcset=\"https:\/\/andaluciaaerospace.com\/wp-content\/uploads\/2021\/04\/ASSETs-400x70-1.png 400w, https:\/\/andaluciaaerospace.com\/wp-content\/uploads\/2021\/04\/ASSETs-400x70-1-300x176.png 300w\" sizes=\"(max-width: 400px) 100vw, 400px\" \/><\/a>\t\t<\/div>\n\t\t<\/div><!-- wp-show-posts-inner --><\/article><article class=\" wp-show-posts-single post-26601 proyecto type-proyecto status-publish has-post-thumbnail hentry wpsp-col-3\" itemtype=\"http:\/\/schema.org\/CreativeWork\" itemscope><div class=\"wp-show-posts-inner\" style=\"\">\t\t<div class=\"wp-show-posts-image  wpsp-image-center \">\n\t\t\t<a href=\"https:\/\/andaluciaaerospace.com\/en\/project\/digisolar\/\"  title=\"DIGISOLAR\"><img decoding=\"async\" width=\"1600\" height=\"900\" src=\"https:\/\/andaluciaaerospace.com\/wp-content\/uploads\/2022\/12\/DIGISOLAR-1.png\" class=\"attachment-full size-full wp-post-image\" alt=\"\" itemprop=\"image\" srcset=\"https:\/\/andaluciaaerospace.com\/wp-content\/uploads\/2022\/12\/DIGISOLAR-1.png 1600w, https:\/\/andaluciaaerospace.com\/wp-content\/uploads\/2022\/12\/DIGISOLAR-1-300x169.png 300w, https:\/\/andaluciaaerospace.com\/wp-content\/uploads\/2022\/12\/DIGISOLAR-1-1024x576.png 1024w, https:\/\/andaluciaaerospace.com\/wp-content\/uploads\/2022\/12\/DIGISOLAR-1-768x432.png 768w, https:\/\/andaluciaaerospace.com\/wp-content\/uploads\/2022\/12\/DIGISOLAR-1-1536x864.png 1536w\" sizes=\"(max-width: 1600px) 100vw, 1600px\" \/><\/a>\t\t<\/div>\n\t\t<\/div><!-- wp-show-posts-inner --><\/article><article class=\" wp-show-posts-single post-29257 proyecto type-proyecto status-publish has-post-thumbnail hentry wpsp-col-3\" itemtype=\"http:\/\/schema.org\/CreativeWork\" itemscope><div class=\"wp-show-posts-inner\" style=\"\">\t\t<div class=\"wp-show-posts-image  wpsp-image-center \">\n\t\t\t<a href=\"https:\/\/andaluciaaerospace.com\/en\/project\/eco-aero\/\"  title=\"ECO-AERO\"><img decoding=\"async\" width=\"500\" height=\"500\" src=\"https:\/\/andaluciaaerospace.com\/wp-content\/uploads\/2024\/10\/LOGO-DEFINITIVO-ECOAERO-e1729081835273.png\" class=\"attachment-full size-full wp-post-image\" alt=\"\" itemprop=\"image\" \/><\/a>\t\t<\/div>\n\t\t<\/div><!-- wp-show-posts-inner --><\/article><article class=\" wp-show-posts-single post-32279 proyecto type-proyecto status-publish has-post-thumbnail hentry wpsp-col-3\" itemtype=\"http:\/\/schema.org\/CreativeWork\" itemscope><div class=\"wp-show-posts-inner\" style=\"\">\t\t<div class=\"wp-show-posts-image  wpsp-image-center \">\n\t\t\t<a href=\"https:\/\/andaluciaaerospace.com\/en\/project\/european-cluster-for-drone-innovation-proyecto-ecdi\/\"  title=\"European Cluster for Drone Innovation (ECDI)\"><img decoding=\"async\" width=\"253\" height=\"143\" src=\"https:\/\/andaluciaaerospace.com\/wp-content\/uploads\/2025\/11\/EUROCLUSTERS_LOGO_V2-e1762444864440.png\" class=\"attachment-full size-full wp-post-image\" alt=\"\" itemprop=\"image\" \/><\/a>\t\t<\/div>\n\t\t<\/div><!-- wp-show-posts-inner --><\/article><article class=\" wp-show-posts-single post-27882 proyecto type-proyecto status-publish has-post-thumbnail hentry wpsp-col-3\" itemtype=\"http:\/\/schema.org\/CreativeWork\" itemscope><div class=\"wp-show-posts-inner\" style=\"\">\t\t<div class=\"wp-show-posts-image  wpsp-image-center \">\n\t\t\t<a href=\"https:\/\/andaluciaaerospace.com\/en\/project\/imagina\/\"  title=\"IMAGINA\"><img decoding=\"async\" width=\"608\" height=\"164\" src=\"https:\/\/andaluciaaerospace.com\/wp-content\/uploads\/2023\/11\/logo-imagina.png\" class=\"attachment-full size-full wp-post-image\" alt=\"\" itemprop=\"image\" srcset=\"https:\/\/andaluciaaerospace.com\/wp-content\/uploads\/2023\/11\/logo-imagina.png 608w, https:\/\/andaluciaaerospace.com\/wp-content\/uploads\/2023\/11\/logo-imagina-300x81.png 300w\" sizes=\"(max-width: 608px) 100vw, 608px\" \/><\/a>\t\t<\/div>\n\t\t<\/div><!-- wp-show-posts-inner --><\/article><div class=\"wpsp-clear\"><\/div><\/section><!-- .wp-show-posts --><div class=\"wpsp-load-more\"><span aria-current=\"page\" class=\"page-numbers current\">1<\/span>\n<a class=\"page-numbers\" href=\"https:\/\/andaluciaaerospace.com\/en\/wp-json\/wp\/v2\/pages\/24094\/page\/2\/\">2<\/a>\n<a class=\"next page-numbers\" href=\"https:\/\/andaluciaaerospace.com\/en\/wp-json\/wp\/v2\/pages\/24094\/page\/2\/\">Next &rarr;<\/a><\/div><\/div>\n<\/div>\n<div class=\"col-xs-12 col-md-1\"><\/div>\n<\/div>\n<\/div>\n","protected":false},"excerpt":{"rendered":"<p>Projects<\/p>\n<a class=\"btn btn-primary read-more-button\" href=\"https:\/\/andaluciaaerospace.com\/en\/project\/imagina\/\">Leer m\u00e1s...<\/a>","protected":false},"author":1,"featured_media":0,"parent":0,"menu_order":0,"comment_status":"closed","ping_status":"closed","template":"pages-templates\/empty-page.php","meta":{"_acf_changed":false,"_bbp_topic_count":0,"_bbp_reply_count":0,"_bbp_total_topic_count":0,"_bbp_total_reply_count":0,"_bbp_voice_count":0,"_bbp_anonymous_reply_count":0,"_bbp_topic_count_hidden":0,"_bbp_reply_count_hidden":0,"_bbp_forum_subforum_count":0,"footnotes":""},"class_list":["post-24094","page","type-page","status-publish","hentry"],"acf":[],"yoast_head":"<!-- This site is optimized with the Yoast SEO plugin v23.6 - https:\/\/yoast.com\/wordpress\/plugins\/seo\/ -->\n<title>Projects - Andaluc\u00eda Aerospace<\/title>\n<meta name=\"description\" content=\"Projects .Andaluc\u00eda Aerospace, cl\u00faster empresarial aeroespacial andaluz.\" \/>\n<meta name=\"robots\" content=\"index, follow, max-snippet:-1, max-image-preview:large, max-video-preview:-1\" \/>\n<link rel=\"canonical\" href=\"https:\/\/andaluciaaerospace.com\/en\/projects\/\" \/>\n<meta property=\"og:locale\" content=\"en_US\" \/>\n<meta property=\"og:type\" content=\"article\" \/>\n<meta property=\"og:title\" content=\"Projects - Andaluc\u00eda Aerospace\" \/>\n<meta property=\"og:description\" content=\"Projects .Andaluc\u00eda Aerospace, cl\u00faster empresarial aeroespacial andaluz.\" \/>\n<meta property=\"og:url\" content=\"https:\/\/andaluciaaerospace.com\/en\/projects\/\" \/>\n<meta property=\"og:site_name\" content=\"Andaluc\u00eda Aerospace\" \/>\n<meta property=\"article:modified_time\" content=\"2021-06-25T08:21:07+00:00\" \/>\n<meta property=\"og:image\" content=\"http:\/\/andaluciaaerospace.com\/wp-content\/uploads\/2021\/05\/cabecera-eventos.jpg\" \/>\n<meta name=\"twitter:card\" content=\"summary_large_image\" \/>\n<script type=\"application\/ld+json\" class=\"yoast-schema-graph\">{\"@context\":\"https:\/\/schema.org\",\"@graph\":[{\"@type\":[\"WebPage\",\"SearchResultsPage\"],\"@id\":\"https:\/\/andaluciaaerospace.com\/en\/projects\/\",\"url\":\"https:\/\/andaluciaaerospace.com\/en\/projects\/\",\"name\":\"Projects - Andaluc\u00eda Aerospace\",\"isPartOf\":{\"@id\":\"https:\/\/andaluciaaerospace.com\/en\/#website\"},\"primaryImageOfPage\":{\"@id\":\"https:\/\/andaluciaaerospace.com\/en\/projects\/#primaryimage\"},\"image\":{\"@id\":\"https:\/\/andaluciaaerospace.com\/en\/projects\/#primaryimage\"},\"thumbnailUrl\":\"http:\/\/andaluciaaerospace.com\/wp-content\/uploads\/2021\/05\/cabecera-eventos.jpg\",\"datePublished\":\"2021-03-04T16:23:34+00:00\",\"dateModified\":\"2021-06-25T08:21:07+00:00\",\"description\":\"Projects .Andaluc\u00eda Aerospace, cl\u00faster empresarial aeroespacial andaluz.\",\"breadcrumb\":{\"@id\":\"https:\/\/andaluciaaerospace.com\/en\/projects\/#breadcrumb\"},\"inLanguage\":\"en-US\",\"potentialAction\":[{\"@type\":\"ReadAction\",\"target\":[\"https:\/\/andaluciaaerospace.com\/en\/projects\/\"]}]},{\"@type\":\"ImageObject\",\"inLanguage\":\"en-US\",\"@id\":\"https:\/\/andaluciaaerospace.com\/en\/projects\/#primaryimage\",\"url\":\"http:\/\/andaluciaaerospace.com\/wp-content\/uploads\/2021\/05\/cabecera-eventos.jpg\",\"contentUrl\":\"http:\/\/andaluciaaerospace.com\/wp-content\/uploads\/2021\/05\/cabecera-eventos.jpg\"},{\"@type\":\"BreadcrumbList\",\"@id\":\"https:\/\/andaluciaaerospace.com\/en\/projects\/#breadcrumb\",\"itemListElement\":[{\"@type\":\"ListItem\",\"position\":1,\"name\":\"Portada\",\"item\":\"https:\/\/andaluciaaerospace.com\/en\/\"},{\"@type\":\"ListItem\",\"position\":2,\"name\":\"Projects\"}]},{\"@type\":\"WebSite\",\"@id\":\"https:\/\/andaluciaaerospace.com\/en\/#website\",\"url\":\"https:\/\/andaluciaaerospace.com\/en\/\",\"name\":\"Andaluc\u00eda Aerospace\",\"description\":\"Cluster empresarial aeron\u00e1utico\",\"potentialAction\":[{\"@type\":\"SearchAction\",\"target\":{\"@type\":\"EntryPoint\",\"urlTemplate\":\"https:\/\/andaluciaaerospace.com\/en\/?s={search_term_string}\"},\"query-input\":{\"@type\":\"PropertyValueSpecification\",\"valueRequired\":true,\"valueName\":\"search_term_string\"}}],\"inLanguage\":\"en-US\"}]}<\/script>\n<!-- \/ Yoast SEO plugin. -->","yoast_head_json":{"title":"Projects - Andaluc\u00eda Aerospace","description":"Projects .Andaluc\u00eda Aerospace, cl\u00faster empresarial aeroespacial andaluz.","robots":{"index":"index","follow":"follow","max-snippet":"max-snippet:-1","max-image-preview":"max-image-preview:large","max-video-preview":"max-video-preview:-1"},"canonical":"https:\/\/andaluciaaerospace.com\/en\/projects\/","og_locale":"en_US","og_type":"article","og_title":"Projects - Andaluc\u00eda Aerospace","og_description":"Projects .Andaluc\u00eda Aerospace, cl\u00faster empresarial aeroespacial andaluz.","og_url":"https:\/\/andaluciaaerospace.com\/en\/projects\/","og_site_name":"Andaluc\u00eda Aerospace","article_modified_time":"2021-06-25T08:21:07+00:00","og_image":[{"url":"http:\/\/andaluciaaerospace.com\/wp-content\/uploads\/2021\/05\/cabecera-eventos.jpg"}],"twitter_card":"summary_large_image","schema":{"@context":"https:\/\/schema.org","@graph":[{"@type":["WebPage","SearchResultsPage"],"@id":"https:\/\/andaluciaaerospace.com\/en\/projects\/","url":"https:\/\/andaluciaaerospace.com\/en\/projects\/","name":"Projects - Andaluc\u00eda Aerospace","isPartOf":{"@id":"https:\/\/andaluciaaerospace.com\/en\/#website"},"primaryImageOfPage":{"@id":"https:\/\/andaluciaaerospace.com\/en\/projects\/#primaryimage"},"image":{"@id":"https:\/\/andaluciaaerospace.com\/en\/projects\/#primaryimage"},"thumbnailUrl":"http:\/\/andaluciaaerospace.com\/wp-content\/uploads\/2021\/05\/cabecera-eventos.jpg","datePublished":"2021-03-04T16:23:34+00:00","dateModified":"2021-06-25T08:21:07+00:00","description":"Projects .Andaluc\u00eda Aerospace, cl\u00faster empresarial aeroespacial andaluz.","breadcrumb":{"@id":"https:\/\/andaluciaaerospace.com\/en\/projects\/#breadcrumb"},"inLanguage":"en-US","potentialAction":[{"@type":"ReadAction","target":["https:\/\/andaluciaaerospace.com\/en\/projects\/"]}]},{"@type":"ImageObject","inLanguage":"en-US","@id":"https:\/\/andaluciaaerospace.com\/en\/projects\/#primaryimage","url":"http:\/\/andaluciaaerospace.com\/wp-content\/uploads\/2021\/05\/cabecera-eventos.jpg","contentUrl":"http:\/\/andaluciaaerospace.com\/wp-content\/uploads\/2021\/05\/cabecera-eventos.jpg"},{"@type":"BreadcrumbList","@id":"https:\/\/andaluciaaerospace.com\/en\/projects\/#breadcrumb","itemListElement":[{"@type":"ListItem","position":1,"name":"Portada","item":"https:\/\/andaluciaaerospace.com\/en\/"},{"@type":"ListItem","position":2,"name":"Projects"}]},{"@type":"WebSite","@id":"https:\/\/andaluciaaerospace.com\/en\/#website","url":"https:\/\/andaluciaaerospace.com\/en\/","name":"Andaluc\u00eda Aerospace","description":"Cluster empresarial aeron\u00e1utico","potentialAction":[{"@type":"SearchAction","target":{"@type":"EntryPoint","urlTemplate":"https:\/\/andaluciaaerospace.com\/en\/?s={search_term_string}"},"query-input":{"@type":"PropertyValueSpecification","valueRequired":true,"valueName":"search_term_string"}}],"inLanguage":"en-US"}]}},"_links":{"self":[{"href":"https:\/\/andaluciaaerospace.com\/en\/wp-json\/wp\/v2\/pages\/24094","targetHints":{"allow":["GET"]}}],"collection":[{"href":"https:\/\/andaluciaaerospace.com\/en\/wp-json\/wp\/v2\/pages"}],"about":[{"href":"https:\/\/andaluciaaerospace.com\/en\/wp-json\/wp\/v2\/types\/page"}],"author":[{"embeddable":true,"href":"https:\/\/andaluciaaerospace.com\/en\/wp-json\/wp\/v2\/users\/1"}],"replies":[{"embeddable":true,"href":"https:\/\/andaluciaaerospace.com\/en\/wp-json\/wp\/v2\/comments?post=24094"}],"version-history":[{"count":2,"href":"https:\/\/andaluciaaerospace.com\/en\/wp-json\/wp\/v2\/pages\/24094\/revisions"}],"predecessor-version":[{"id":24284,"href":"https:\/\/andaluciaaerospace.com\/en\/wp-json\/wp\/v2\/pages\/24094\/revisions\/24284"}],"wp:attachment":[{"href":"https:\/\/andaluciaaerospace.com\/en\/wp-json\/wp\/v2\/media?parent=24094"}],"curies":[{"name":"wp","href":"https:\/\/api.w.org\/{rel}","templated":true}]}}