{"id":24090,"date":"2021-03-05T12:10:11","date_gmt":"2021-03-05T11:10:11","guid":{"rendered":"https:\/\/andaluciaaerospace.com\/members\/socios-colaboradores\/"},"modified":"2021-06-24T09:28:01","modified_gmt":"2021-06-24T07:28:01","slug":"collaborators","status":"publish","type":"page","link":"https:\/\/andaluciaaerospace.com\/en\/members-of-the-cluster\/collaborators\/","title":{"rendered":"Collaborators"},"content":{"rendered":"<div class=\"cabecera-con-degradado\"><span class=\"degradado-cabecera\"><\/span><img decoding=\"async\" class=\"wp-post-image\" src=\"http:\/\/andaluciaaerospace.com\/wp-content\/uploads\/2021\/03\/cabecera-asociado.jpg\" alt=\"Cielo con nubes\" \/><\/div>\n<div class=\"asociado container-fluid pt-5\">\n<div class=\"row\">\n<div class=\"col-xs-12 col-md-1\"><\/div>\n<div class=\"col-xs-12 col-md-10\">\n<h1 class=\"pb-2 mb-4\">Collaborators<\/h1>\n<div class=\"px-5\">\n<p class=\"texto\">Collaborating partners are service sector companies that operate in Andalusia and wish to associate their brand with the Andalusian aerospace industry.<\/p>\n<ul id=\"myTab\" class=\"nav nav-tabs mb-5\" role=\"tablist\">\n<li class=\"nav-item\"><a id=\"oro-tab\" class=\"nav-link active\" role=\"tab\" href=\"#oro\" data-toggle=\"tab\" aria-controls=\"oro\" aria-selected=\"true\"><img decoding=\"async\" class=\"wp-post-image\" src=\"http:\/\/andaluciaaerospace.com\/wp-content\/uploads\/2021\/03\/oro.png\" alt=\"Socios colaboradores ORO\" width=\"17\" \/> GOLD partners<\/a><\/li>\n<li class=\"nav-item\"><a id=\"plata-tab\" class=\"nav-link\" role=\"tab\" href=\"#plata\" data-toggle=\"tab\" aria-controls=\"plata\" aria-selected=\"false\"><img decoding=\"async\" class=\"wp-post-image\" src=\"http:\/\/andaluciaaerospace.com\/wp-content\/uploads\/2021\/03\/plata.png\" alt=\"Socios colaboradores PLATA\" width=\"17\" \/> SILVER partners<\/a><\/li>\n<li class=\"nav-item\"><a id=\"bronce-tab\" class=\"nav-link\" role=\"tab\" href=\"#bronce\" data-toggle=\"tab\" aria-controls=\"bronce\" aria-selected=\"false\"><img decoding=\"async\" class=\"wp-post-image\" src=\"http:\/\/andaluciaaerospace.com\/wp-content\/uploads\/2021\/03\/bronce.png\" alt=\"Socios colaboradores BRONCE\" width=\"17\" \/> BRONZE partners<\/a><\/li>\n<\/ul>\n<div id=\"myTabContent\" class=\"tab-content\">\n<div id=\"oro\" class=\"tab-pane fade show active\" role=\"tabpanel\" aria-labelledby=\"oro-tab\">\n<div class=\"row colaboradores\"><div id=\"caf-post-layout-container\" class=\"caf-post-layout-container \r\n     filter-layout1 post-layout10 \r\n     data-target-div1\"\r\n     data-post-type=\"socios_colaboradores\"\r\n     data-tax=\"categorias_de_colaboradores\"\r\n     data-terms=\"categorias_de_colaboradores___93\"\r\n     data-per-page=\"-1\"\r\n     data-selected-terms=\"categorias_de_colaboradores___93\"\r\n     data-filter-id=\"480\"\r\n     data-post-layout=\"post-layout10\"\r\n     data-filter-layout=\"filter-layout1\"\r\n     data-target-div=\"data-target-div1\"\r\n     data-relation=\"IN\"\r\n     data-default-term=\"all\"\r\n     data-scroll=\"desktop\"\r\n     data-scroll-desk=\"-100\"\r\n     data-scroll-mob=\"-100\"\r\n     current-post-id=\"24090\"\r\n     data-order-by=\"title\"\r\n     data-order-type=\"asc\"\r\n     active-filters=\"on\"\r\n     active-filters-style=\"without_tax\"\r\n     ><div class='caf-active-filters'><ul><\/ul><\/div><div class='caf-manage-sorting-front'>\r\n <div class='caf-manage-sorting-wrap first-wrap'>\r\n Order By :\r\n <select class=\"caf-sort-front caf-sort-order-by\">\r\n <option value=\"author\" >Author<\/option>\r\n <option value=\"title\" selected>Title<\/option>\r\n <option value=\"ID\" >Post ID<\/option>\r\n <option value=\"date\" >Date<\/option>\r\n <option value=\"rand\" >Random<\/option>\r\n <\/select><\/div>\r\n\r\n <div class='caf-manage-sorting-wrap'>\r\n Order  :\r\n <select class=\"caf-sort-front caf-sort-order-type\">\r\n <option value=\"asc\" selected>Asc<\/option>\r\n <option value=\"desc\" >Desc<\/option>\r\n <\/select><\/div>\r\n\r\n<\/div>\r\n\r\n<div id='manage-ajax-response' class='caf-row'><div class=\"status\"><i class=\"fa fa-spinner\" aria-hidden=\"true\"><\/i><\/div><div class=\"content\"><\/div><\/div><\/div><\/div>\n<\/div>\n<div id=\"plata\" class=\"tab-pane fade\" role=\"tabpanel\" aria-labelledby=\"plata-tab\">\n<div class=\"row colaboradores\"><div id=\"caf-post-layout-container\" class=\"caf-post-layout-container \r\n     filter-layout1 post-layout10 \r\n     data-target-div2\"\r\n     data-post-type=\"socios_colaboradores\"\r\n     data-tax=\"categorias_de_colaboradores\"\r\n     data-terms=\"categorias_de_colaboradores___94\"\r\n     data-per-page=\"-1\"\r\n     data-selected-terms=\"categorias_de_colaboradores___94\"\r\n     data-filter-id=\"509\"\r\n     data-post-layout=\"post-layout10\"\r\n     data-filter-layout=\"filter-layout1\"\r\n     data-target-div=\"data-target-div2\"\r\n     data-relation=\"IN\"\r\n     data-default-term=\"all\"\r\n     data-scroll=\"desktop\"\r\n     data-scroll-desk=\"-100\"\r\n     data-scroll-mob=\"-100\"\r\n     current-post-id=\"24090\"\r\n     data-order-by=\"title\"\r\n     data-order-type=\"asc\"\r\n     active-filters=\"on\"\r\n     active-filters-style=\"without_tax\"\r\n     ><div class='caf-active-filters'><ul><\/ul><\/div><div class='caf-manage-sorting-front'>\r\n <div class='caf-manage-sorting-wrap first-wrap'>\r\n Order By :\r\n <select class=\"caf-sort-front caf-sort-order-by\">\r\n <option value=\"author\" >Author<\/option>\r\n <option value=\"title\" selected>Title<\/option>\r\n <option value=\"ID\" >Post ID<\/option>\r\n <option value=\"date\" >Date<\/option>\r\n <option value=\"rand\" >Random<\/option>\r\n <\/select><\/div>\r\n\r\n <div class='caf-manage-sorting-wrap'>\r\n Order  :\r\n <select class=\"caf-sort-front caf-sort-order-type\">\r\n <option value=\"asc\" selected>Asc<\/option>\r\n <option value=\"desc\" >Desc<\/option>\r\n <\/select><\/div>\r\n\r\n<\/div>\r\n\r\n<div id='manage-ajax-response' class='caf-row'><div class=\"status\"><i class=\"fa fa-spinner\" aria-hidden=\"true\"><\/i><\/div><div class=\"content\"><\/div><\/div><\/div><\/div>\n<\/div>\n<div id=\"bronce\" class=\"tab-pane fade\" role=\"tabpanel\" aria-labelledby=\"bronce-tab\">\n<div class=\"row colaboradores\"><div id=\"caf-post-layout-container\" class=\"caf-post-layout-container \r\n     filter-layout1 post-layout10 \r\n     data-target-div3\"\r\n     data-post-type=\"socios_colaboradores\"\r\n     data-tax=\"categorias_de_colaboradores\"\r\n     data-terms=\"categorias_de_colaboradores___95\"\r\n     data-per-page=\"-1\"\r\n     data-selected-terms=\"categorias_de_colaboradores___95\"\r\n     data-filter-id=\"511\"\r\n     data-post-layout=\"post-layout10\"\r\n     data-filter-layout=\"filter-layout1\"\r\n     data-target-div=\"data-target-div3\"\r\n     data-relation=\"IN\"\r\n     data-default-term=\"all\"\r\n     data-scroll=\"desktop\"\r\n     data-scroll-desk=\"-100\"\r\n     data-scroll-mob=\"-100\"\r\n     current-post-id=\"24090\"\r\n     data-order-by=\"title\"\r\n     data-order-type=\"asc\"\r\n     active-filters=\"on\"\r\n     active-filters-style=\"without_tax\"\r\n     ><div class='caf-active-filters'><ul><\/ul><\/div><div class='caf-manage-sorting-front'>\r\n <div class='caf-manage-sorting-wrap first-wrap'>\r\n Order By :\r\n <select class=\"caf-sort-front caf-sort-order-by\">\r\n <option value=\"author\" >Author<\/option>\r\n <option value=\"title\" selected>Title<\/option>\r\n <option value=\"ID\" >Post ID<\/option>\r\n <option value=\"date\" >Date<\/option>\r\n <option value=\"rand\" >Random<\/option>\r\n <\/select><\/div>\r\n\r\n <div class='caf-manage-sorting-wrap'>\r\n Order  :\r\n <select class=\"caf-sort-front caf-sort-order-type\">\r\n <option value=\"asc\" selected>Asc<\/option>\r\n <option value=\"desc\" >Desc<\/option>\r\n <\/select><\/div>\r\n\r\n<\/div>\r\n\r\n<div id='manage-ajax-response' class='caf-row'><div class=\"status\"><i class=\"fa fa-spinner\" aria-hidden=\"true\"><\/i><\/div><div class=\"content\"><\/div><\/div><\/div><\/div>\n<\/div>\n<\/div>\n<\/div>\n<\/div>\n<div class=\"col-xs-12 col-md-1\"><\/div>\n<\/div>\n<\/div>\n<div class=\"content_block\" id=\"custom_post_widget-320\"><div class=\"container-fluid home-unete text-center text-lg-left\">\n<div class=\"row py-5 p-md-5\">\n<div class=\"col-xs-12 col-lg-8 px-4 px-md-5\">\n<h3>\u00danete a <strong>nuestra asociaci\u00f3n<\/strong><\/h3>\n<p class=\"texto\">Nuestra organizaci\u00f3n se ha convertido en un cl\u00faster aeroespacial y de defensa europeo con gran crecimiento sostenido y proyecci\u00f3n internacional gracias, tanto a las empresas, como a los dem\u00e1s agentes vinculados a la industria aeroespacial en la comunidad andaluza.<\/p>\n<p class=\"texto\"><strong>Andaluc\u00eda Aerospace, el cl\u00faster empresarial aeroespacial andaluz \u00a1Inf\u00f3rmate!<\/strong><\/p>\n<\/div>\n<div class=\"col-xs-12 col-lg-4 px-5\"><a class=\"btn-secondary mt-4\" href=\"http:\/\/andaluciaaerospace.com\/miembros\/como-hacerse-miembro\/\">Hazte miembro<\/a><\/div>\n<\/div>\n<\/div>\n<\/div>\n","protected":false},"excerpt":{"rendered":"<p>Collaborators Collaborating partners are service sector companies that operate in Andalusia and wish to associate their brand with the Andalusian aerospace industry. GOLD partners SILVER partners BRONZE partners<\/p>\n<a class=\"btn btn-primary read-more-button\" href=\"https:\/\/andaluciaaerospace.com\/en\/members-of-the-cluster\/collaborators\/\">Leer m\u00e1s...<\/a>","protected":false},"author":1,"featured_media":0,"parent":24070,"menu_order":0,"comment_status":"closed","ping_status":"closed","template":"pages-templates\/empty-page.php","meta":{"_acf_changed":false,"_bbp_topic_count":0,"_bbp_reply_count":0,"_bbp_total_topic_count":0,"_bbp_total_reply_count":0,"_bbp_voice_count":0,"_bbp_anonymous_reply_count":0,"_bbp_topic_count_hidden":0,"_bbp_reply_count_hidden":0,"_bbp_forum_subforum_count":0,"footnotes":""},"class_list":["post-24090","page","type-page","status-publish","hentry"],"acf":[],"yoast_head":"<!-- This site is optimized with the Yoast SEO plugin v23.6 - https:\/\/yoast.com\/wordpress\/plugins\/seo\/ -->\n<title>Collaborators - Andaluc\u00eda Aerospace<\/title>\n<meta name=\"description\" content=\"Collaborators .Andaluc\u00eda Aerospace, cl\u00faster empresarial aeroespacial andaluz.\" \/>\n<meta name=\"robots\" content=\"index, follow, max-snippet:-1, max-image-preview:large, max-video-preview:-1\" \/>\n<link rel=\"canonical\" href=\"https:\/\/andaluciaaerospace.com\/en\/members-of-the-cluster\/collaborators\/\" \/>\n<meta property=\"og:locale\" content=\"en_US\" \/>\n<meta property=\"og:type\" content=\"article\" \/>\n<meta property=\"og:title\" content=\"Collaborators - Andaluc\u00eda Aerospace\" \/>\n<meta property=\"og:description\" content=\"Collaborators .Andaluc\u00eda Aerospace, cl\u00faster empresarial aeroespacial andaluz.\" \/>\n<meta property=\"og:url\" content=\"https:\/\/andaluciaaerospace.com\/en\/members-of-the-cluster\/collaborators\/\" \/>\n<meta property=\"og:site_name\" content=\"Andaluc\u00eda Aerospace\" \/>\n<meta property=\"article:modified_time\" content=\"2021-06-24T07:28:01+00:00\" \/>\n<meta property=\"og:image\" content=\"http:\/\/andaluciaaerospace.com\/wp-content\/uploads\/2021\/03\/cabecera-asociado.jpg\" \/>\n<meta name=\"twitter:card\" content=\"summary_large_image\" \/>\n<script type=\"application\/ld+json\" class=\"yoast-schema-graph\">{\"@context\":\"https:\/\/schema.org\",\"@graph\":[{\"@type\":[\"WebPage\",\"SearchResultsPage\"],\"@id\":\"https:\/\/andaluciaaerospace.com\/en\/members-of-the-cluster\/collaborators\/\",\"url\":\"https:\/\/andaluciaaerospace.com\/en\/members-of-the-cluster\/collaborators\/\",\"name\":\"Collaborators - Andaluc\u00eda Aerospace\",\"isPartOf\":{\"@id\":\"https:\/\/andaluciaaerospace.com\/en\/#website\"},\"primaryImageOfPage\":{\"@id\":\"https:\/\/andaluciaaerospace.com\/en\/members-of-the-cluster\/collaborators\/#primaryimage\"},\"image\":{\"@id\":\"https:\/\/andaluciaaerospace.com\/en\/members-of-the-cluster\/collaborators\/#primaryimage\"},\"thumbnailUrl\":\"http:\/\/andaluciaaerospace.com\/wp-content\/uploads\/2021\/03\/cabecera-asociado.jpg\",\"datePublished\":\"2021-03-05T11:10:11+00:00\",\"dateModified\":\"2021-06-24T07:28:01+00:00\",\"description\":\"Collaborators .Andaluc\u00eda Aerospace, cl\u00faster empresarial aeroespacial andaluz.\",\"breadcrumb\":{\"@id\":\"https:\/\/andaluciaaerospace.com\/en\/members-of-the-cluster\/collaborators\/#breadcrumb\"},\"inLanguage\":\"en-US\",\"potentialAction\":[{\"@type\":\"ReadAction\",\"target\":[\"https:\/\/andaluciaaerospace.com\/en\/members-of-the-cluster\/collaborators\/\"]}]},{\"@type\":\"ImageObject\",\"inLanguage\":\"en-US\",\"@id\":\"https:\/\/andaluciaaerospace.com\/en\/members-of-the-cluster\/collaborators\/#primaryimage\",\"url\":\"http:\/\/andaluciaaerospace.com\/wp-content\/uploads\/2021\/03\/cabecera-asociado.jpg\",\"contentUrl\":\"http:\/\/andaluciaaerospace.com\/wp-content\/uploads\/2021\/03\/cabecera-asociado.jpg\"},{\"@type\":\"BreadcrumbList\",\"@id\":\"https:\/\/andaluciaaerospace.com\/en\/members-of-the-cluster\/collaborators\/#breadcrumb\",\"itemListElement\":[{\"@type\":\"ListItem\",\"position\":1,\"name\":\"Portada\",\"item\":\"https:\/\/andaluciaaerospace.com\/en\/\"},{\"@type\":\"ListItem\",\"position\":2,\"name\":\"Members of the cluster\",\"item\":\"https:\/\/andaluciaaerospace.com\/en\/members-of-the-cluster\/\"},{\"@type\":\"ListItem\",\"position\":3,\"name\":\"Collaborators\"}]},{\"@type\":\"WebSite\",\"@id\":\"https:\/\/andaluciaaerospace.com\/en\/#website\",\"url\":\"https:\/\/andaluciaaerospace.com\/en\/\",\"name\":\"Andaluc\u00eda Aerospace\",\"description\":\"Cluster empresarial aeron\u00e1utico\",\"potentialAction\":[{\"@type\":\"SearchAction\",\"target\":{\"@type\":\"EntryPoint\",\"urlTemplate\":\"https:\/\/andaluciaaerospace.com\/en\/?s={search_term_string}\"},\"query-input\":{\"@type\":\"PropertyValueSpecification\",\"valueRequired\":true,\"valueName\":\"search_term_string\"}}],\"inLanguage\":\"en-US\"}]}<\/script>\n<!-- \/ Yoast SEO plugin. -->","yoast_head_json":{"title":"Collaborators - Andaluc\u00eda Aerospace","description":"Collaborators .Andaluc\u00eda Aerospace, cl\u00faster empresarial aeroespacial andaluz.","robots":{"index":"index","follow":"follow","max-snippet":"max-snippet:-1","max-image-preview":"max-image-preview:large","max-video-preview":"max-video-preview:-1"},"canonical":"https:\/\/andaluciaaerospace.com\/en\/members-of-the-cluster\/collaborators\/","og_locale":"en_US","og_type":"article","og_title":"Collaborators - Andaluc\u00eda Aerospace","og_description":"Collaborators .Andaluc\u00eda Aerospace, cl\u00faster empresarial aeroespacial andaluz.","og_url":"https:\/\/andaluciaaerospace.com\/en\/members-of-the-cluster\/collaborators\/","og_site_name":"Andaluc\u00eda Aerospace","article_modified_time":"2021-06-24T07:28:01+00:00","og_image":[{"url":"http:\/\/andaluciaaerospace.com\/wp-content\/uploads\/2021\/03\/cabecera-asociado.jpg"}],"twitter_card":"summary_large_image","schema":{"@context":"https:\/\/schema.org","@graph":[{"@type":["WebPage","SearchResultsPage"],"@id":"https:\/\/andaluciaaerospace.com\/en\/members-of-the-cluster\/collaborators\/","url":"https:\/\/andaluciaaerospace.com\/en\/members-of-the-cluster\/collaborators\/","name":"Collaborators - Andaluc\u00eda Aerospace","isPartOf":{"@id":"https:\/\/andaluciaaerospace.com\/en\/#website"},"primaryImageOfPage":{"@id":"https:\/\/andaluciaaerospace.com\/en\/members-of-the-cluster\/collaborators\/#primaryimage"},"image":{"@id":"https:\/\/andaluciaaerospace.com\/en\/members-of-the-cluster\/collaborators\/#primaryimage"},"thumbnailUrl":"http:\/\/andaluciaaerospace.com\/wp-content\/uploads\/2021\/03\/cabecera-asociado.jpg","datePublished":"2021-03-05T11:10:11+00:00","dateModified":"2021-06-24T07:28:01+00:00","description":"Collaborators .Andaluc\u00eda Aerospace, cl\u00faster empresarial aeroespacial andaluz.","breadcrumb":{"@id":"https:\/\/andaluciaaerospace.com\/en\/members-of-the-cluster\/collaborators\/#breadcrumb"},"inLanguage":"en-US","potentialAction":[{"@type":"ReadAction","target":["https:\/\/andaluciaaerospace.com\/en\/members-of-the-cluster\/collaborators\/"]}]},{"@type":"ImageObject","inLanguage":"en-US","@id":"https:\/\/andaluciaaerospace.com\/en\/members-of-the-cluster\/collaborators\/#primaryimage","url":"http:\/\/andaluciaaerospace.com\/wp-content\/uploads\/2021\/03\/cabecera-asociado.jpg","contentUrl":"http:\/\/andaluciaaerospace.com\/wp-content\/uploads\/2021\/03\/cabecera-asociado.jpg"},{"@type":"BreadcrumbList","@id":"https:\/\/andaluciaaerospace.com\/en\/members-of-the-cluster\/collaborators\/#breadcrumb","itemListElement":[{"@type":"ListItem","position":1,"name":"Portada","item":"https:\/\/andaluciaaerospace.com\/en\/"},{"@type":"ListItem","position":2,"name":"Members of the cluster","item":"https:\/\/andaluciaaerospace.com\/en\/members-of-the-cluster\/"},{"@type":"ListItem","position":3,"name":"Collaborators"}]},{"@type":"WebSite","@id":"https:\/\/andaluciaaerospace.com\/en\/#website","url":"https:\/\/andaluciaaerospace.com\/en\/","name":"Andaluc\u00eda Aerospace","description":"Cluster empresarial aeron\u00e1utico","potentialAction":[{"@type":"SearchAction","target":{"@type":"EntryPoint","urlTemplate":"https:\/\/andaluciaaerospace.com\/en\/?s={search_term_string}"},"query-input":{"@type":"PropertyValueSpecification","valueRequired":true,"valueName":"search_term_string"}}],"inLanguage":"en-US"}]}},"_links":{"self":[{"href":"https:\/\/andaluciaaerospace.com\/en\/wp-json\/wp\/v2\/pages\/24090","targetHints":{"allow":["GET"]}}],"collection":[{"href":"https:\/\/andaluciaaerospace.com\/en\/wp-json\/wp\/v2\/pages"}],"about":[{"href":"https:\/\/andaluciaaerospace.com\/en\/wp-json\/wp\/v2\/types\/page"}],"author":[{"embeddable":true,"href":"https:\/\/andaluciaaerospace.com\/en\/wp-json\/wp\/v2\/users\/1"}],"replies":[{"embeddable":true,"href":"https:\/\/andaluciaaerospace.com\/en\/wp-json\/wp\/v2\/comments?post=24090"}],"version-history":[{"count":3,"href":"https:\/\/andaluciaaerospace.com\/en\/wp-json\/wp\/v2\/pages\/24090\/revisions"}],"predecessor-version":[{"id":24210,"href":"https:\/\/andaluciaaerospace.com\/en\/wp-json\/wp\/v2\/pages\/24090\/revisions\/24210"}],"up":[{"embeddable":true,"href":"https:\/\/andaluciaaerospace.com\/en\/wp-json\/wp\/v2\/pages\/24070"}],"wp:attachment":[{"href":"https:\/\/andaluciaaerospace.com\/en\/wp-json\/wp\/v2\/media?parent=24090"}],"curies":[{"name":"wp","href":"https:\/\/api.w.org\/{rel}","templated":true}]}}