{"id":24075,"date":"2021-03-04T17:23:56","date_gmt":"2021-03-04T16:23:56","guid":{"rendered":"https:\/\/andaluciaaerospace.com\/noticias\/"},"modified":"2021-07-19T17:10:40","modified_gmt":"2021-07-19T15:10:40","slug":"news","status":"publish","type":"page","link":"https:\/\/andaluciaaerospace.com\/en\/news\/","title":{"rendered":"News"},"content":{"rendered":"<div class=\"cabecera-con-degradado\"><span class=\"degradado-cabecera\"><\/span><br \/>\n<img decoding=\"async\" class=\"wp-post-image\" src=\"http:\/\/andaluciaaerospace.com\/wp-content\/uploads\/2021\/05\/cabecera-noticias.jpg\" alt=\"Avi\u00f3n volando en puesta de sol\" \/><\/div>\n<div class=\"asociado noticias container-fluid pt-5 mb-5\">\n<div class=\"row\">\n<div class=\"col-xs-12 col-md-1\"><\/div>\n<div class=\"col-xs-12 col-md-10\">\n<h1 class=\"pb-2 mb-4\">News<\/h1>\n<div class=\"row px-5\">\n<div class=\"col-xs-12 col-md-12 grid-noticias\"><div id=\"caf-post-layout-container\" class=\"caf-post-layout-container \r\n     multiple-checkbox post-layout9 \r\n     data-target-div1\"\r\n     data-post-type=\"post\"\r\n     data-tax=\"category\"\r\n     data-terms=\"category___5,category___4,category___100\"\r\n     data-per-page=\"9\"\r\n     data-selected-terms=\"category___5,category___4,category___100\"\r\n     data-filter-id=\"24257\"\r\n     data-post-layout=\"post-layout9\"\r\n     data-filter-layout=\"multiple-checkbox\"\r\n     data-target-div=\"data-target-div1\"\r\n     data-relation=\"OR\"\r\n     data-default-term=\"all\"\r\n     data-scroll=\"desktop\"\r\n     data-scroll-desk=\"-100\"\r\n     data-scroll-mob=\"-100\"\r\n     current-post-id=\"24075\"\r\n     data-order-by=\"date\"\r\n     data-order-type=\"desc\"\r\n     active-filters=\"on\"\r\n     active-filters-style=\"without_tax\"\r\n     ><div id=\"caf-multiple-check-filter\" class='caf-filter-layout data-target-div1 '>\r\n<ul class=\"caf-filter-container caf-multiple-check-filter\">\r\n<li><input type='checkbox'  data-id='category___5' id='category___5' value='category___5' class='check_box' data-target-div='data-target-div1'><label data-main-id='flt' for='category___5'>Noticias de los Miembros<\/label><\/li><li><input type='checkbox'  data-id='category___4' id='category___4' value='category___4' class='check_box' data-target-div='data-target-div1'><label data-main-id='flt' for='category___4'>Noticias del Cluster<\/label><\/li><li><input type='checkbox'  data-id='category___100' id='category___100' value='category___100' class='check_box' data-target-div='data-target-div1'><label data-main-id='flt' for='category___100'>Tribuna<\/label><\/li><\/ul>\r\n<\/div><div class='caf-active-filters'><ul><\/ul><\/div><div class='caf-manage-sorting-front'>\r\n <div class='caf-manage-sorting-wrap first-wrap'>\r\n Order By :\r\n <select class=\"caf-sort-front caf-sort-order-by\">\r\n <option value=\"author\" >Author<\/option>\r\n <option value=\"title\" >Title<\/option>\r\n <option value=\"ID\" >Post ID<\/option>\r\n <option value=\"date\" selected>Date<\/option>\r\n <option value=\"rand\" >Random<\/option>\r\n <\/select><\/div>\r\n\r\n <div class='caf-manage-sorting-wrap'>\r\n Order  :\r\n <select class=\"caf-sort-front caf-sort-order-type\">\r\n <option value=\"asc\" >Asc<\/option>\r\n <option value=\"desc\" selected>Desc<\/option>\r\n <\/select><\/div>\r\n\r\n<\/div>\r\n\r\n<div id='manage-ajax-response' class='caf-row'><div class=\"status\"><i class=\"fa fa-spinner\" aria-hidden=\"true\"><\/i><\/div><div class=\"content\"><\/div><\/div><\/div><\/div>\n<\/div>\n<\/div>\n<div class=\"col-xs-12 col-md-1\"><\/div>\n<\/div>\n<\/div>\n","protected":false},"excerpt":{"rendered":"<p>News<\/p>\n<a class=\"btn btn-primary read-more-button\" href=\"https:\/\/andaluciaaerospace.com\/en\/news\/\">Leer m\u00e1s...<\/a>","protected":false},"author":1,"featured_media":0,"parent":0,"menu_order":0,"comment_status":"closed","ping_status":"closed","template":"pages-templates\/empty-page.php","meta":{"_acf_changed":false,"_bbp_topic_count":0,"_bbp_reply_count":0,"_bbp_total_topic_count":0,"_bbp_total_reply_count":0,"_bbp_voice_count":0,"_bbp_anonymous_reply_count":0,"_bbp_topic_count_hidden":0,"_bbp_reply_count_hidden":0,"_bbp_forum_subforum_count":0,"footnotes":""},"class_list":["post-24075","page","type-page","status-publish","hentry"],"acf":[],"yoast_head":"<!-- This site is optimized with the Yoast SEO plugin v23.6 - https:\/\/yoast.com\/wordpress\/plugins\/seo\/ -->\n<title>News - Andaluc\u00eda Aerospace<\/title>\n<meta name=\"description\" content=\"News .Andaluc\u00eda Aerospace, cl\u00faster empresarial aeroespacial andaluz.\" \/>\n<meta name=\"robots\" content=\"index, follow, max-snippet:-1, max-image-preview:large, max-video-preview:-1\" \/>\n<link rel=\"canonical\" href=\"https:\/\/andaluciaaerospace.com\/en\/news\/\" \/>\n<meta property=\"og:locale\" content=\"en_US\" \/>\n<meta property=\"og:type\" content=\"article\" \/>\n<meta property=\"og:title\" content=\"News - Andaluc\u00eda Aerospace\" \/>\n<meta property=\"og:description\" content=\"News .Andaluc\u00eda Aerospace, cl\u00faster empresarial aeroespacial andaluz.\" \/>\n<meta property=\"og:url\" content=\"https:\/\/andaluciaaerospace.com\/en\/news\/\" \/>\n<meta property=\"og:site_name\" content=\"Andaluc\u00eda Aerospace\" \/>\n<meta property=\"article:modified_time\" content=\"2021-07-19T15:10:40+00:00\" \/>\n<meta property=\"og:image\" content=\"http:\/\/andaluciaaerospace.com\/wp-content\/uploads\/2021\/05\/cabecera-noticias.jpg\" \/>\n<meta name=\"twitter:card\" content=\"summary_large_image\" \/>\n<script type=\"application\/ld+json\" class=\"yoast-schema-graph\">{\"@context\":\"https:\/\/schema.org\",\"@graph\":[{\"@type\":[\"WebPage\",\"SearchResultsPage\"],\"@id\":\"https:\/\/andaluciaaerospace.com\/en\/news\/\",\"url\":\"https:\/\/andaluciaaerospace.com\/en\/news\/\",\"name\":\"News - Andaluc\u00eda Aerospace\",\"isPartOf\":{\"@id\":\"https:\/\/andaluciaaerospace.com\/en\/#website\"},\"primaryImageOfPage\":{\"@id\":\"https:\/\/andaluciaaerospace.com\/en\/news\/#primaryimage\"},\"image\":{\"@id\":\"https:\/\/andaluciaaerospace.com\/en\/news\/#primaryimage\"},\"thumbnailUrl\":\"http:\/\/andaluciaaerospace.com\/wp-content\/uploads\/2021\/05\/cabecera-noticias.jpg\",\"datePublished\":\"2021-03-04T16:23:56+00:00\",\"dateModified\":\"2021-07-19T15:10:40+00:00\",\"description\":\"News .Andaluc\u00eda Aerospace, cl\u00faster empresarial aeroespacial andaluz.\",\"breadcrumb\":{\"@id\":\"https:\/\/andaluciaaerospace.com\/en\/news\/#breadcrumb\"},\"inLanguage\":\"en-US\",\"potentialAction\":[{\"@type\":\"ReadAction\",\"target\":[\"https:\/\/andaluciaaerospace.com\/en\/news\/\"]}]},{\"@type\":\"ImageObject\",\"inLanguage\":\"en-US\",\"@id\":\"https:\/\/andaluciaaerospace.com\/en\/news\/#primaryimage\",\"url\":\"http:\/\/andaluciaaerospace.com\/wp-content\/uploads\/2021\/05\/cabecera-noticias.jpg\",\"contentUrl\":\"http:\/\/andaluciaaerospace.com\/wp-content\/uploads\/2021\/05\/cabecera-noticias.jpg\"},{\"@type\":\"BreadcrumbList\",\"@id\":\"https:\/\/andaluciaaerospace.com\/en\/news\/#breadcrumb\",\"itemListElement\":[{\"@type\":\"ListItem\",\"position\":1,\"name\":\"Portada\",\"item\":\"https:\/\/andaluciaaerospace.com\/en\/\"},{\"@type\":\"ListItem\",\"position\":2,\"name\":\"News\"}]},{\"@type\":\"WebSite\",\"@id\":\"https:\/\/andaluciaaerospace.com\/en\/#website\",\"url\":\"https:\/\/andaluciaaerospace.com\/en\/\",\"name\":\"Andaluc\u00eda Aerospace\",\"description\":\"Cluster empresarial aeron\u00e1utico\",\"potentialAction\":[{\"@type\":\"SearchAction\",\"target\":{\"@type\":\"EntryPoint\",\"urlTemplate\":\"https:\/\/andaluciaaerospace.com\/en\/?s={search_term_string}\"},\"query-input\":{\"@type\":\"PropertyValueSpecification\",\"valueRequired\":true,\"valueName\":\"search_term_string\"}}],\"inLanguage\":\"en-US\"}]}<\/script>\n<!-- \/ Yoast SEO plugin. -->","yoast_head_json":{"title":"News - Andaluc\u00eda Aerospace","description":"News .Andaluc\u00eda Aerospace, cl\u00faster empresarial aeroespacial andaluz.","robots":{"index":"index","follow":"follow","max-snippet":"max-snippet:-1","max-image-preview":"max-image-preview:large","max-video-preview":"max-video-preview:-1"},"canonical":"https:\/\/andaluciaaerospace.com\/en\/news\/","og_locale":"en_US","og_type":"article","og_title":"News - Andaluc\u00eda Aerospace","og_description":"News .Andaluc\u00eda Aerospace, cl\u00faster empresarial aeroespacial andaluz.","og_url":"https:\/\/andaluciaaerospace.com\/en\/news\/","og_site_name":"Andaluc\u00eda Aerospace","article_modified_time":"2021-07-19T15:10:40+00:00","og_image":[{"url":"http:\/\/andaluciaaerospace.com\/wp-content\/uploads\/2021\/05\/cabecera-noticias.jpg"}],"twitter_card":"summary_large_image","schema":{"@context":"https:\/\/schema.org","@graph":[{"@type":["WebPage","SearchResultsPage"],"@id":"https:\/\/andaluciaaerospace.com\/en\/news\/","url":"https:\/\/andaluciaaerospace.com\/en\/news\/","name":"News - Andaluc\u00eda Aerospace","isPartOf":{"@id":"https:\/\/andaluciaaerospace.com\/en\/#website"},"primaryImageOfPage":{"@id":"https:\/\/andaluciaaerospace.com\/en\/news\/#primaryimage"},"image":{"@id":"https:\/\/andaluciaaerospace.com\/en\/news\/#primaryimage"},"thumbnailUrl":"http:\/\/andaluciaaerospace.com\/wp-content\/uploads\/2021\/05\/cabecera-noticias.jpg","datePublished":"2021-03-04T16:23:56+00:00","dateModified":"2021-07-19T15:10:40+00:00","description":"News .Andaluc\u00eda Aerospace, cl\u00faster empresarial aeroespacial andaluz.","breadcrumb":{"@id":"https:\/\/andaluciaaerospace.com\/en\/news\/#breadcrumb"},"inLanguage":"en-US","potentialAction":[{"@type":"ReadAction","target":["https:\/\/andaluciaaerospace.com\/en\/news\/"]}]},{"@type":"ImageObject","inLanguage":"en-US","@id":"https:\/\/andaluciaaerospace.com\/en\/news\/#primaryimage","url":"http:\/\/andaluciaaerospace.com\/wp-content\/uploads\/2021\/05\/cabecera-noticias.jpg","contentUrl":"http:\/\/andaluciaaerospace.com\/wp-content\/uploads\/2021\/05\/cabecera-noticias.jpg"},{"@type":"BreadcrumbList","@id":"https:\/\/andaluciaaerospace.com\/en\/news\/#breadcrumb","itemListElement":[{"@type":"ListItem","position":1,"name":"Portada","item":"https:\/\/andaluciaaerospace.com\/en\/"},{"@type":"ListItem","position":2,"name":"News"}]},{"@type":"WebSite","@id":"https:\/\/andaluciaaerospace.com\/en\/#website","url":"https:\/\/andaluciaaerospace.com\/en\/","name":"Andaluc\u00eda Aerospace","description":"Cluster empresarial aeron\u00e1utico","potentialAction":[{"@type":"SearchAction","target":{"@type":"EntryPoint","urlTemplate":"https:\/\/andaluciaaerospace.com\/en\/?s={search_term_string}"},"query-input":{"@type":"PropertyValueSpecification","valueRequired":true,"valueName":"search_term_string"}}],"inLanguage":"en-US"}]}},"_links":{"self":[{"href":"https:\/\/andaluciaaerospace.com\/en\/wp-json\/wp\/v2\/pages\/24075","targetHints":{"allow":["GET"]}}],"collection":[{"href":"https:\/\/andaluciaaerospace.com\/en\/wp-json\/wp\/v2\/pages"}],"about":[{"href":"https:\/\/andaluciaaerospace.com\/en\/wp-json\/wp\/v2\/types\/page"}],"author":[{"embeddable":true,"href":"https:\/\/andaluciaaerospace.com\/en\/wp-json\/wp\/v2\/users\/1"}],"replies":[{"embeddable":true,"href":"https:\/\/andaluciaaerospace.com\/en\/wp-json\/wp\/v2\/comments?post=24075"}],"version-history":[{"count":3,"href":"https:\/\/andaluciaaerospace.com\/en\/wp-json\/wp\/v2\/pages\/24075\/revisions"}],"predecessor-version":[{"id":24474,"href":"https:\/\/andaluciaaerospace.com\/en\/wp-json\/wp\/v2\/pages\/24075\/revisions\/24474"}],"wp:attachment":[{"href":"https:\/\/andaluciaaerospace.com\/en\/wp-json\/wp\/v2\/media?parent=24075"}],"curies":[{"name":"wp","href":"https:\/\/api.w.org\/{rel}","templated":true}]}}